{"id":155,"date":"2021-12-07T20:46:00","date_gmt":"2021-12-07T19:46:00","guid":{"rendered":"http:\/\/nowator.home.pl\/Mw\/?page_id=155"},"modified":"2023-08-05T11:04:11","modified_gmt":"2023-08-05T10:04:11","slug":"shop-rules","status":"publish","type":"page","link":"https:\/\/marzenawalczak.com\/fr\/galeria-fotografii-fotografia-artystyczna\/shop-rules\/","title":{"rendered":"Regulamin"},"content":{"rendered":"\n<p><strong>Regulamin przetwarzania danych osobowych<\/strong><\/p>\n\n\n\n<p>Dane osobowe zbierane s\u0105 przez NOWATOR Grzegorz Walczak z siedzib\u0105 w Zalesiu G\u00f3rnym, przy ul. Le\u015bnych Boginek 4, posiadaj\u0105c\u0105 nr NIP 123 002 57 31. Przetwarzane s\u0105 na zasadach okre\u015blonych w przepisach o ochronie danych osobowych, w tym w rozporz\u0105dzeniu Parlamentu Europejskiego i Rady Unii Europejskiej 2016\/679 z dnia 27 kwietnia 2016, w sprawie ochrony os\u00f3b fizycznych w zwi\u0105zku z przetwarzaniem danych osobowych oraz polskich przepisach, wydanych w zwi\u0105zku z RODO, w tym ustawie z dnia 10 maja 2018r o ochronie danych osobowych.<\/p>\n\n\n\n<p>NOWATOR Grzegorz Walczak traktuje dane osobowe poufnie i zabezpiecza je przed niepowo\u0142anym dost\u0119pem os\u00f3b trzecich na zasadach okre\u015blonych w wymienionych powy\u017cej aktach prawnych.<\/p>\n\n\n\n<p><strong>Administrator danych osobowych<\/strong><\/p>\n\n\n\n<p>Administratorem Pa\u0144stwa danych osobowych jest firma NOWATOR Grzegorz Walczak z siedzib\u0105 <\/p>\n\n\n\n<p>w Zalesiu G\u00f3rnym przy ul. Le\u015bnych Boginek 4, posiadaj\u0105c\u0105 nr NIP 123 002 57 31.<\/p>\n\n\n\n<p><strong>Zbieranie danych osobowych<\/strong><\/p>\n\n\n\n<p>Podanie przez Pa\u0144stwa danych osobowych i zgoda na ich przetwarzanie s\u0105 dobrowolne, s\u0105 jednak warunkiem zawarcia umowy.<\/p>\n\n\n\n<p>Macie Pa\u0144stwo prawo do cofni\u0119cia zgody. Wtedy dane s\u0105 przetwarzane tylko do czasu cofni\u0119cia zgody.<\/p>\n\n\n\n<p>Macie Pa\u0144stwo prawo dost\u0119pu do swoich danych, poprawiania, \u017c\u0105dania usuni\u0119cia niekt\u00f3rych zapis\u00f3w lub ograniczenia przetwarzania, prawo sprzeciwu, prawo do wniesienia skargi lub przeniesienia danych.<\/p>\n\n\n\n<p><strong>Dane kt\u00f3re gromadzimy<\/strong><\/p>\n\n\n\n<p>&#8211; imi\u0119 i nazwisko lub\/ i nazwa firmy<\/p>\n\n\n\n<p>&#8211; pesel lub\/i numer i seria dowodu to\u017csamo\u015bci<\/p>\n\n\n\n<p>&#8211; Numer Identyfikacji Podatkowej<\/p>\n\n\n\n<p>&#8211; adres zamieszkania lub adres firmy<\/p>\n\n\n\n<p>&#8211; numer telefonu<\/p>\n\n\n\n<p>&#8211; adres e-mail<\/p>\n\n\n\n<p><strong>Cel i zakres przetwarzania danych<\/strong><\/p>\n\n\n\n<p>Pa\u0144stwa dane b\u0119d\u0105 zbierane i przetwarzane:<\/p>\n\n\n\n<p>a) w celu zawarcia i realizacji umowy sprzeda\u017cy materia\u0142\u00f3w i us\u0142ug, zawieranej lub zawartej z Administratorem oraz w celu wsp\u00f3\u0142pracy z dostawcami i innymi podmiotami wsp\u00f3\u0142pracuj\u0105cymi z firm\u0105 NOWATOR Grzegorz Walczak s\u0142u\u017c\u0105cej realizacji zobowi\u0105za\u0144 zawartych w umowie<\/p>\n\n\n\n<p>(art. 6 ust. 1 lit b\/ og\u00f3lnego Rozporz\u0105dzenia)<\/p>\n\n\n\n<p>b) w celach wynikaj\u0105cych z prawnie uzasadnionych interes\u00f3w realizowanych przez firm\u0119 NOWATOR Grzegorz Walczak, jako administratora danych w celu \u015bwiadczenia us\u0142ug, zapewnienia bezpiecze\u0144stwa os\u00f3b i mienia, zabezpieczenia stosunku zobowi\u0105zaniowego powsta\u0142ego pomi\u0119dzy Pa\u0144stwem a administratorem, zabezpieczenia wyegzekwowania wierzytelno\u015bci i windykacji nale\u017cno\u015bci, weryfikacji pod wzgl\u0119dem wywi\u0105zywania si\u0119 z zobowi\u0105za\u0144 zapobiegania oszustwom<\/p>\n\n\n\n<p>(art. 6 ust. 1 lit f\/ og\u00f3lnego Rozporz\u0105dzeni<\/p>\n\n\n\n<p>c) w celu prowadzenia rekrutacji os\u00f3b zainteresowanych prac\u0105 lub wsp\u00f3\u0142prac\u0105 z NOWATOR Grzegorz Walczak (art. 6 ust. 1 lit c oraz art. 6 ust. 1 lit a\/ og\u00f3lnego Rozporz\u0105dzenia)<\/p>\n\n\n\n<p>d) w zakresie wype\u0142niania obowi\u0105zk\u00f3w prawnych ci\u0105\u017c\u0105cych na NOWATOR Grzegorz Walczak<\/p>\n\n\n\n<p>(art. 6 ust. 1 lit c\/ og\u00f3lnego Rozporz\u0105dzenia)<\/p>\n\n\n\n<p><strong>Przekazywanie danych osobowych innym podmiotom<\/strong><\/p>\n\n\n\n<p>Odbiorc\u0105 Pa\u0144stwa danych osobowych mog\u0105 by\u0107 podmioty powi\u0105zane bezpo\u015brednio z firm\u0105 NOWATOR Grzegorz Walczak, w spos\u00f3b organizacyjny lub osobowy: producenci i dostawcy towar\u00f3w, przewo\u017anicy a tak\u017ce zewn\u0119trzni dostawcy materia\u0142\u00f3w i us\u0142ug dla firmy NOWATOR Grzegorz Walczak, np. podmioty \u015bwiadcz\u0105ce us\u0142ugi informatyczne, ksi\u0119gowe, ubezpieczeniowe i inne podmioty przetwarzaj\u0105ce dane w imieniu firmy NOWATOR Grzegorz Walczak, windykatorzy, kancelarie prawne, s\u0142u\u017cby pa\u0144stwowe i s\u0105dy.<\/p>\n\n\n\n<p>Pa\u0144stwa dane nie s\u0105 przekazywane do kraj\u00f3w znajduj\u0105cych si\u0119 poza Uni\u0105 Europejsk\u0105 ani przez firm\u0119 NOWATOR Grzegorz Walczak ani przez firmy z nami wsp\u00f3\u0142pracuj\u0105ce.<\/p>\n\n\n\n<p>Pa\u0144stwa dane przekazane wymienionym powy\u017cej podmiotom s\u0105 traktowane z zachowaniem najwy\u017cszej poufno\u015bci.<\/p>\n\n\n\n<p><strong>Okres przetwarzania i przechowywania<\/strong><\/p>\n\n\n\n<p>Pa\u0144stwa dane przetwarzane b\u0119d\u0105 w czasie niezb\u0119dnym do realizacji celu, a tak\u017ce po jego ustaniu w zwi\u0105zku ze spe\u0142nieniem wymaga\u0144 wynikaj\u0105cych z prawa podatkowego, rachunkowego, oraz w czasie zapewniaj\u0105cym mo\u017cliwo\u015b\u0107 rozpatrywania ewentualnych roszcze\u0144. Okres ten nie b\u0119dzie d\u0142u\u017cszy ni\u017c 10 lat, licz\u0105c od pocz\u0105tku roku kalendarzowego nast\u0119puj\u0105cego po dniu zako\u0144czenia realizacji us\u0142ugi.<\/p>\n\n\n\n<p><\/p>\n\n\n\n<p><\/p>\n\n\n\n<p><\/p>\n\n\n\n<p><\/p>\n","protected":false},"excerpt":{"rendered":"<p>Regulamin przetwarzania danych osobowych Dane osobowe zbierane s\u0105 przez NOWATOR Grzegorz Walczak z siedzib\u0105 w Zalesiu G\u00f3rnym, przy ul. Le\u015bnych Boginek 4, posiadaj\u0105c\u0105 nr NIP 123 002 57 31. Przetwarzane s\u0105 na zasadach okre\u015blonych w przepisach o ochronie danych osobowych, w tym w rozporz\u0105dzeniu Parlamentu Europejskiego i Rady Unii Europejskiej 2016\/679 z dnia 27 kwietnia [&hellip;]<\/p>\n","protected":false},"author":1,"featured_media":0,"parent":141,"menu_order":0,"comment_status":"closed","ping_status":"closed","template":"pagetemplate-info.php","meta":{"_acf_changed":false,"footnotes":""},"class_list":["post-155","page","type-page","status-publish","hentry"],"acf":[],"yoast_head":"<!-- This site is optimized with the Yoast SEO plugin v27.5 - https:\/\/yoast.com\/product\/yoast-seo-wordpress\/ -->\n<title>Shop rules - photo gallery<\/title>\n<meta name=\"description\" content=\"Galeria fotografii Marzeny Walczak pokazuje detale przyrody w kadrach makro. Chwila zachwytu nad \u015bwiatem - zdj\u0119cia do wystroju wn\u0119trz.\" \/>\n<meta name=\"robots\" content=\"index, follow, max-snippet:-1, max-image-preview:large, max-video-preview:-1\" \/>\n<link rel=\"canonical\" href=\"https:\/\/marzenawalczak.com\/fr\/galeria-fotografii-fotografia-artystyczna\/shop-rules\/\" \/>\n<meta property=\"og:locale\" content=\"fr_FR\" \/>\n<meta property=\"og:locale:alternate\" content=\"pl_PL\" \/>\n<meta property=\"og:locale:alternate\" content=\"en_US\" \/>\n<meta property=\"og:type\" content=\"article\" \/>\n<meta property=\"og:title\" content=\"Shop rules - photo gallery\" \/>\n<meta property=\"og:description\" content=\"Shop rules - photo gallery of Marzena Walczak - macro details of nature. A moment of wonder at the world. Photos for interior design.\" \/>\n<meta property=\"og:url\" content=\"https:\/\/marzenawalczak.com\/fr\/galeria-fotografii-fotografia-artystyczna\/shop-rules\/\" \/>\n<meta property=\"og:site_name\" content=\"Marzena Walczak Photography\" \/>\n<meta property=\"article:modified_time\" content=\"2023-08-05T10:04:11+00:00\" \/>\n<meta name=\"twitter:card\" content=\"summary_large_image\" \/>\n<meta name=\"twitter:label1\" content=\"Dur\u00e9e de lecture estim\u00e9e\" \/>\n\t<meta name=\"twitter:data1\" content=\"4 minutes\" \/>\n<script type=\"application\/ld+json\" class=\"yoast-schema-graph\">{\"@context\":\"https:\\\/\\\/schema.org\",\"@graph\":[{\"@type\":\"WebPage\",\"@id\":\"https:\\\/\\\/marzenawalczak.com\\\/en\\\/galeria-fotografii-fotografia-artystyczna\\\/shop-rules\\\/\",\"url\":\"https:\\\/\\\/marzenawalczak.com\\\/en\\\/galeria-fotografii-fotografia-artystyczna\\\/shop-rules\\\/\",\"name\":\"Shop rules - photo gallery\",\"isPartOf\":{\"@id\":\"https:\\\/\\\/marzenawalczak.com\\\/#website\"},\"datePublished\":\"2021-12-07T19:46:00+00:00\",\"dateModified\":\"2023-08-05T10:04:11+00:00\",\"description\":\"Shop rules - photo gallery of Marzena Walczak - macro details of nature. A moment of wonder at the world. Photos for interior design.\",\"breadcrumb\":{\"@id\":\"https:\\\/\\\/marzenawalczak.com\\\/en\\\/galeria-fotografii-fotografia-artystyczna\\\/shop-rules\\\/#breadcrumb\"},\"inLanguage\":\"fr-FR\",\"potentialAction\":[{\"@type\":\"ReadAction\",\"target\":[\"https:\\\/\\\/marzenawalczak.com\\\/en\\\/galeria-fotografii-fotografia-artystyczna\\\/shop-rules\\\/\"]}]},{\"@type\":\"BreadcrumbList\",\"@id\":\"https:\\\/\\\/marzenawalczak.com\\\/en\\\/galeria-fotografii-fotografia-artystyczna\\\/shop-rules\\\/#breadcrumb\",\"itemListElement\":[{\"@type\":\"ListItem\",\"position\":1,\"name\":\"Strona g\u0142\u00f3wna\",\"item\":\"https:\\\/\\\/marzenawalczak.com\\\/en\\\/\"},{\"@type\":\"ListItem\",\"position\":2,\"name\":\"Przydatne informacje\",\"item\":\"https:\\\/\\\/marzenawalczak.com\\\/galeria-fotografii-fotografia-artystyczna\\\/\"},{\"@type\":\"ListItem\",\"position\":3,\"name\":\"Shop rules\"}]},{\"@type\":\"WebSite\",\"@id\":\"https:\\\/\\\/marzenawalczak.com\\\/#website\",\"url\":\"https:\\\/\\\/marzenawalczak.com\\\/\",\"name\":\"Marzena Walczak Photography\",\"description\":\"Galeria artystyczna\",\"publisher\":{\"@id\":\"https:\\\/\\\/marzenawalczak.com\\\/#organization\"},\"potentialAction\":[{\"@type\":\"SearchAction\",\"target\":{\"@type\":\"EntryPoint\",\"urlTemplate\":\"https:\\\/\\\/marzenawalczak.com\\\/?s={search_term_string}\"},\"query-input\":{\"@type\":\"PropertyValueSpecification\",\"valueRequired\":true,\"valueName\":\"search_term_string\"}}],\"inLanguage\":\"fr-FR\"},{\"@type\":\"Organization\",\"@id\":\"https:\\\/\\\/marzenawalczak.com\\\/#organization\",\"name\":\"Marzena Walczak photography\",\"url\":\"https:\\\/\\\/marzenawalczak.com\\\/\",\"logo\":{\"@type\":\"ImageObject\",\"inLanguage\":\"fr-FR\",\"@id\":\"https:\\\/\\\/marzenawalczak.com\\\/#\\\/schema\\\/logo\\\/image\\\/\",\"url\":\"https:\\\/\\\/marzenawalczak.com\\\/wp-content\\\/uploads\\\/2022\\\/07\\\/DSC_0210.jpg\",\"contentUrl\":\"https:\\\/\\\/marzenawalczak.com\\\/wp-content\\\/uploads\\\/2022\\\/07\\\/DSC_0210.jpg\",\"width\":1800,\"height\":1207,\"caption\":\"Marzena Walczak photography\"},\"image\":{\"@id\":\"https:\\\/\\\/marzenawalczak.com\\\/#\\\/schema\\\/logo\\\/image\\\/\"},\"sameAs\":[\"https:\\\/\\\/www.instagram.com\\\/marzenawalczak_com\\\/\"]}]}<\/script>\n<!-- \/ Yoast SEO plugin. -->","yoast_head_json":{"title":"Shop rules - photo gallery","description":"Galeria fotografii Marzeny Walczak pokazuje detale przyrody w kadrach makro. Chwila zachwytu nad \u015bwiatem - zdj\u0119cia do wystroju wn\u0119trz.","robots":{"index":"index","follow":"follow","max-snippet":"max-snippet:-1","max-image-preview":"max-image-preview:large","max-video-preview":"max-video-preview:-1"},"canonical":"https:\/\/marzenawalczak.com\/fr\/galeria-fotografii-fotografia-artystyczna\/shop-rules\/","og_locale":"fr_FR","og_type":"article","og_title":"Shop rules - photo gallery","og_description":"Shop rules - photo gallery of Marzena Walczak - macro details of nature. A moment of wonder at the world. Photos for interior design.","og_url":"https:\/\/marzenawalczak.com\/fr\/galeria-fotografii-fotografia-artystyczna\/shop-rules\/","og_site_name":"Marzena Walczak Photography","article_modified_time":"2023-08-05T10:04:11+00:00","twitter_card":"summary_large_image","twitter_misc":{"Dur\u00e9e de lecture estim\u00e9e":"4 minutes"},"schema":{"@context":"https:\/\/schema.org","@graph":[{"@type":"WebPage","@id":"https:\/\/marzenawalczak.com\/en\/galeria-fotografii-fotografia-artystyczna\/shop-rules\/","url":"https:\/\/marzenawalczak.com\/en\/galeria-fotografii-fotografia-artystyczna\/shop-rules\/","name":"Shop rules - photo gallery","isPartOf":{"@id":"https:\/\/marzenawalczak.com\/#website"},"datePublished":"2021-12-07T19:46:00+00:00","dateModified":"2023-08-05T10:04:11+00:00","description":"Shop rules - photo gallery of Marzena Walczak - macro details of nature. A moment of wonder at the world. Photos for interior design.","breadcrumb":{"@id":"https:\/\/marzenawalczak.com\/en\/galeria-fotografii-fotografia-artystyczna\/shop-rules\/#breadcrumb"},"inLanguage":"fr-FR","potentialAction":[{"@type":"ReadAction","target":["https:\/\/marzenawalczak.com\/en\/galeria-fotografii-fotografia-artystyczna\/shop-rules\/"]}]},{"@type":"BreadcrumbList","@id":"https:\/\/marzenawalczak.com\/en\/galeria-fotografii-fotografia-artystyczna\/shop-rules\/#breadcrumb","itemListElement":[{"@type":"ListItem","position":1,"name":"Strona g\u0142\u00f3wna","item":"https:\/\/marzenawalczak.com\/en\/"},{"@type":"ListItem","position":2,"name":"Przydatne informacje","item":"https:\/\/marzenawalczak.com\/galeria-fotografii-fotografia-artystyczna\/"},{"@type":"ListItem","position":3,"name":"Shop rules"}]},{"@type":"WebSite","@id":"https:\/\/marzenawalczak.com\/#website","url":"https:\/\/marzenawalczak.com\/","name":"Marzena Walczak Photography","description":"Galeria artystyczna","publisher":{"@id":"https:\/\/marzenawalczak.com\/#organization"},"potentialAction":[{"@type":"SearchAction","target":{"@type":"EntryPoint","urlTemplate":"https:\/\/marzenawalczak.com\/?s={search_term_string}"},"query-input":{"@type":"PropertyValueSpecification","valueRequired":true,"valueName":"search_term_string"}}],"inLanguage":"fr-FR"},{"@type":"Organization","@id":"https:\/\/marzenawalczak.com\/#organization","name":"Marzena Walczak photography","url":"https:\/\/marzenawalczak.com\/","logo":{"@type":"ImageObject","inLanguage":"fr-FR","@id":"https:\/\/marzenawalczak.com\/#\/schema\/logo\/image\/","url":"https:\/\/marzenawalczak.com\/wp-content\/uploads\/2022\/07\/DSC_0210.jpg","contentUrl":"https:\/\/marzenawalczak.com\/wp-content\/uploads\/2022\/07\/DSC_0210.jpg","width":1800,"height":1207,"caption":"Marzena Walczak photography"},"image":{"@id":"https:\/\/marzenawalczak.com\/#\/schema\/logo\/image\/"},"sameAs":["https:\/\/www.instagram.com\/marzenawalczak_com\/"]}]}},"_links":{"self":[{"href":"https:\/\/marzenawalczak.com\/fr\/wp-json\/wp\/v2\/pages\/155","targetHints":{"allow":["GET"]}}],"collection":[{"href":"https:\/\/marzenawalczak.com\/fr\/wp-json\/wp\/v2\/pages"}],"about":[{"href":"https:\/\/marzenawalczak.com\/fr\/wp-json\/wp\/v2\/types\/page"}],"author":[{"embeddable":true,"href":"https:\/\/marzenawalczak.com\/fr\/wp-json\/wp\/v2\/users\/1"}],"replies":[{"embeddable":true,"href":"https:\/\/marzenawalczak.com\/fr\/wp-json\/wp\/v2\/comments?post=155"}],"version-history":[{"count":6,"href":"https:\/\/marzenawalczak.com\/fr\/wp-json\/wp\/v2\/pages\/155\/revisions"}],"predecessor-version":[{"id":1023,"href":"https:\/\/marzenawalczak.com\/fr\/wp-json\/wp\/v2\/pages\/155\/revisions\/1023"}],"up":[{"embeddable":true,"href":"https:\/\/marzenawalczak.com\/fr\/wp-json\/wp\/v2\/pages\/141"}],"wp:attachment":[{"href":"https:\/\/marzenawalczak.com\/fr\/wp-json\/wp\/v2\/media?parent=155"}],"curies":[{"name":"wp","href":"https:\/\/api.w.org\/{rel}","templated":true}]}}