{"id":6,"date":"2021-11-16T14:00:00","date_gmt":"2021-11-16T13:00:00","guid":{"rendered":"http:\/\/nowator.home.pl\/Mw\/?page_id=6"},"modified":"2025-03-21T14:25:29","modified_gmt":"2025-03-21T13:25:29","slug":"moje-fotografowanie","status":"publish","type":"page","link":"https:\/\/marzenawalczak.com\/fr\/moje-fotografowanie\/","title":{"rendered":"Moje fotografowanie"},"content":{"rendered":"\n<p><\/p>\n\n\n\n<p>Fotografia artystyczna &#8211; pi\u0119kno natury.<\/p>\n\n\n\n<p>Promie\u0144 porannego s\u0142o\u0144ca, kt\u00f3ry przedar\u0142 si\u0119 przez listowie i gdzie\u015b na ziemi odnalaz\u0142 niepozorny, modry kwiatek wychylaj\u0105cy si\u0119 nie\u015bmia\u0142o spod zesch\u0142ych zesz\u0142orocznych li\u015bci. Przylaszczka, mo\u017ce pierwsza tej wiosny. Czy kto\u015b j\u0105 zauwa\u017cy? Czy kto\u015b si\u0119 ni\u0105 zachwyci?<\/p>\n\n\n\n<p>Coraz szybciej biegniemy przez \u017cycie. Coraz wi\u0119cej spraw niecierpi\u0105cych zw\u0142oki. Czy zd\u0105\u017cymy ze wszystkim? Tyle brzydoty jest w naszym \u015bwiecie, gdzie dominuje szaro\u015b\u0107 i bylejako\u015b\u0107, i tyle pi\u0119kna, kt\u00f3re mijamy w biegu nie zauwa\u017caj\u0105c go.<\/p>\n\n\n\n<p>Delikatna modra przylaszczka mu\u015bni\u0119ta pierwszym ciep\u0142ym promieniem , soczy\u015bcie \u017c\u00f3\u0142ty kaczeniec po\u015br\u00f3d intensywnej wiosennej zieleni. Puszyste kotki na wierzbie ko\u0142ysane lekkim powiewem, sikorka z nastroszonym czubkiem nios\u0105ca g\u0105sienic\u0119 w dzi\u00f3bku. Okaza\u0142y kwiat magnolii w wielu odcieniach r\u00f3\u017cu, karminowe i rubinowe kr\u0105g\u0142e listeczki irgi z eleganck\u0105 bia\u0142\u0105 obw\u00f3dk\u0105 z drobniutkich kryszta\u0142k\u00f3w szronu, filigranowy, misternie wyrze\u017abiony p\u0142atek \u015bniegu.<\/p>\n\n\n\n<p>To wszystko, te\u017c jest nasz\u0105 rzeczywisto\u015bci\u0105. Tu\u017c obok Ciebie i dla Ciebie. Zatrzymaj si\u0119. Rozejrzyj si\u0119 wok\u00f3\u0142, dostrze\u017c, daj si\u0119 zachwyci\u0107.<\/p>\n\n\n\n<p>Jednocze\u015bnie, jest to rzeczywisto\u015b\u0107 ulotna, chwilowa, krucha i delikatna. Teraz jest, za chwil\u0119 ju\u017c jej nie b\u0119dzie.<\/p>\n\n\n\n<p>Nie przegap jej. Wykorzystaj dobrze sw\u00f3j czas na ziemi &#8211; podziwiaj jej maestri\u0119, zachwy\u0107 si\u0119 jej pi\u0119knem, pozw\u00f3l si\u0119 wzruszy\u0107.<\/p>\n\n\n\n<p><\/p>\n\n\n\n<p>Fotografia jest moj\u0105 pasj\u0105 od wielu lat. Zawsze fascynowa\u0142a mnie mo\u017cliwo\u015b\u0107 uchwycenia i zatrzymania w obrazie chwilowej, ulotnej rzeczywisto\u015bci przy pomocy aparatu fotograficznego.<\/p>\n","protected":false},"excerpt":{"rendered":"<p>Fotografia artystyczna &#8211; pi\u0119kno natury. Promie\u0144 porannego s\u0142o\u0144ca, kt\u00f3ry przedar\u0142 si\u0119 przez listowie i gdzie\u015b na ziemi odnalaz\u0142 niepozorny, modry kwiatek wychylaj\u0105cy si\u0119 nie\u015bmia\u0142o spod zesch\u0142ych zesz\u0142orocznych li\u015bci. Przylaszczka, mo\u017ce pierwsza tej wiosny. Czy kto\u015b j\u0105 zauwa\u017cy? Czy kto\u015b si\u0119 ni\u0105 zachwyci? Coraz szybciej biegniemy przez \u017cycie. Coraz wi\u0119cej spraw niecierpi\u0105cych zw\u0142oki. Czy zd\u0105\u017cymy ze [&hellip;]<\/p>\n","protected":false},"author":1,"featured_media":0,"parent":0,"menu_order":0,"comment_status":"closed","ping_status":"closed","template":"pagetemplate-about.php","meta":{"_acf_changed":false,"footnotes":""},"class_list":["post-6","page","type-page","status-publish","hentry"],"acf":[],"yoast_head":"<!-- This site is optimized with the Yoast SEO plugin v27.5 - https:\/\/yoast.com\/product\/yoast-seo-wordpress\/ -->\n<title>fotografia artystyczna - pi\u0119kno natury<\/title>\n<meta name=\"description\" content=\"Fotografia artystyczna - pi\u0119kno natury w skali makro. Chwila zachwytu nad \u015bwiatem, kt\u00f3ry trudno dostrzec. Zdj\u0119cia do wystroju wn\u0119trz.\" \/>\n<meta name=\"robots\" content=\"index, follow, max-snippet:-1, max-image-preview:large, max-video-preview:-1\" \/>\n<link rel=\"canonical\" href=\"https:\/\/marzenawalczak.com\/fr\/moje-fotografowanie\/\" \/>\n<meta property=\"og:locale\" content=\"fr_FR\" \/>\n<meta property=\"og:locale:alternate\" content=\"pl_PL\" \/>\n<meta property=\"og:locale:alternate\" content=\"en_US\" \/>\n<meta property=\"og:type\" content=\"article\" \/>\n<meta property=\"og:title\" content=\"fotografia artystyczna - pi\u0119kno natury\" \/>\n<meta property=\"og:description\" content=\"Fotografia artystyczna - pi\u0119kno natury w skali makro. Chwila zachwytu nad \u015bwiatem, kt\u00f3ry trudno dostrzec. Zdj\u0119cia do wystroju wn\u0119trz.\" \/>\n<meta property=\"og:url\" content=\"https:\/\/marzenawalczak.com\/fr\/moje-fotografowanie\/\" \/>\n<meta property=\"og:site_name\" content=\"Marzena Walczak Photography\" \/>\n<meta property=\"article:modified_time\" content=\"2025-03-21T13:25:29+00:00\" \/>\n<meta name=\"twitter:card\" content=\"summary_large_image\" \/>\n<meta name=\"twitter:label1\" content=\"Dur\u00e9e de lecture estim\u00e9e\" \/>\n\t<meta name=\"twitter:data1\" content=\"2 minutes\" \/>\n<script type=\"application\/ld+json\" class=\"yoast-schema-graph\">{\"@context\":\"https:\\\/\\\/schema.org\",\"@graph\":[{\"@type\":\"WebPage\",\"@id\":\"https:\\\/\\\/marzenawalczak.com\\\/en\\\/moje-fotografowanie\\\/\",\"url\":\"https:\\\/\\\/marzenawalczak.com\\\/en\\\/moje-fotografowanie\\\/\",\"name\":\"fotografia artystyczna - pi\u0119kno natury\",\"isPartOf\":{\"@id\":\"https:\\\/\\\/marzenawalczak.com\\\/#website\"},\"datePublished\":\"2021-11-16T13:00:00+00:00\",\"dateModified\":\"2025-03-21T13:25:29+00:00\",\"description\":\"Fotografia artystyczna - pi\u0119kno natury w skali makro. Chwila zachwytu nad \u015bwiatem, kt\u00f3ry trudno dostrzec. Zdj\u0119cia do wystroju wn\u0119trz.\",\"breadcrumb\":{\"@id\":\"https:\\\/\\\/marzenawalczak.com\\\/en\\\/moje-fotografowanie\\\/#breadcrumb\"},\"inLanguage\":\"fr-FR\",\"potentialAction\":[{\"@type\":\"ReadAction\",\"target\":[\"https:\\\/\\\/marzenawalczak.com\\\/en\\\/moje-fotografowanie\\\/\"]}]},{\"@type\":\"BreadcrumbList\",\"@id\":\"https:\\\/\\\/marzenawalczak.com\\\/en\\\/moje-fotografowanie\\\/#breadcrumb\",\"itemListElement\":[{\"@type\":\"ListItem\",\"position\":1,\"name\":\"Strona g\u0142\u00f3wna\",\"item\":\"https:\\\/\\\/marzenawalczak.com\\\/en\\\/\"},{\"@type\":\"ListItem\",\"position\":2,\"name\":\"About me\"}]},{\"@type\":\"WebSite\",\"@id\":\"https:\\\/\\\/marzenawalczak.com\\\/#website\",\"url\":\"https:\\\/\\\/marzenawalczak.com\\\/\",\"name\":\"Marzena Walczak Photography\",\"description\":\"Galeria artystyczna\",\"publisher\":{\"@id\":\"https:\\\/\\\/marzenawalczak.com\\\/#organization\"},\"potentialAction\":[{\"@type\":\"SearchAction\",\"target\":{\"@type\":\"EntryPoint\",\"urlTemplate\":\"https:\\\/\\\/marzenawalczak.com\\\/?s={search_term_string}\"},\"query-input\":{\"@type\":\"PropertyValueSpecification\",\"valueRequired\":true,\"valueName\":\"search_term_string\"}}],\"inLanguage\":\"fr-FR\"},{\"@type\":\"Organization\",\"@id\":\"https:\\\/\\\/marzenawalczak.com\\\/#organization\",\"name\":\"Marzena Walczak photography\",\"url\":\"https:\\\/\\\/marzenawalczak.com\\\/\",\"logo\":{\"@type\":\"ImageObject\",\"inLanguage\":\"fr-FR\",\"@id\":\"https:\\\/\\\/marzenawalczak.com\\\/#\\\/schema\\\/logo\\\/image\\\/\",\"url\":\"https:\\\/\\\/marzenawalczak.com\\\/wp-content\\\/uploads\\\/2022\\\/07\\\/DSC_0210.jpg\",\"contentUrl\":\"https:\\\/\\\/marzenawalczak.com\\\/wp-content\\\/uploads\\\/2022\\\/07\\\/DSC_0210.jpg\",\"width\":1800,\"height\":1207,\"caption\":\"Marzena Walczak photography\"},\"image\":{\"@id\":\"https:\\\/\\\/marzenawalczak.com\\\/#\\\/schema\\\/logo\\\/image\\\/\"},\"sameAs\":[\"https:\\\/\\\/www.instagram.com\\\/marzenawalczak_com\\\/\"]}]}<\/script>\n<!-- \/ Yoast SEO plugin. -->","yoast_head_json":{"title":"fotografia artystyczna - pi\u0119kno natury","description":"Fotografia artystyczna - pi\u0119kno natury w skali makro. Chwila zachwytu nad \u015bwiatem, kt\u00f3ry trudno dostrzec. Zdj\u0119cia do wystroju wn\u0119trz.","robots":{"index":"index","follow":"follow","max-snippet":"max-snippet:-1","max-image-preview":"max-image-preview:large","max-video-preview":"max-video-preview:-1"},"canonical":"https:\/\/marzenawalczak.com\/fr\/moje-fotografowanie\/","og_locale":"fr_FR","og_type":"article","og_title":"[:pl]fotografia artystyczna - pi\u0119kno natury[:]","og_description":"[:pl]Fotografia artystyczna - pi\u0119kno natury w skali makro. Chwila zachwytu nad \u015bwiatem, kt\u00f3ry trudno dostrzec. Zdj\u0119cia do wystroju wn\u0119trz.[:]","og_url":"https:\/\/marzenawalczak.com\/fr\/moje-fotografowanie\/","og_site_name":"Marzena Walczak Photography","article_modified_time":"2025-03-21T13:25:29+00:00","twitter_card":"summary_large_image","twitter_misc":{"Dur\u00e9e de lecture estim\u00e9e":"2 minutes"},"schema":{"@context":"https:\/\/schema.org","@graph":[{"@type":"WebPage","@id":"https:\/\/marzenawalczak.com\/en\/moje-fotografowanie\/","url":"https:\/\/marzenawalczak.com\/en\/moje-fotografowanie\/","name":"fotografia artystyczna - pi\u0119kno natury","isPartOf":{"@id":"https:\/\/marzenawalczak.com\/#website"},"datePublished":"2021-11-16T13:00:00+00:00","dateModified":"2025-03-21T13:25:29+00:00","description":"Fotografia artystyczna - pi\u0119kno natury w skali makro. Chwila zachwytu nad \u015bwiatem, kt\u00f3ry trudno dostrzec. Zdj\u0119cia do wystroju wn\u0119trz.","breadcrumb":{"@id":"https:\/\/marzenawalczak.com\/en\/moje-fotografowanie\/#breadcrumb"},"inLanguage":"fr-FR","potentialAction":[{"@type":"ReadAction","target":["https:\/\/marzenawalczak.com\/en\/moje-fotografowanie\/"]}]},{"@type":"BreadcrumbList","@id":"https:\/\/marzenawalczak.com\/en\/moje-fotografowanie\/#breadcrumb","itemListElement":[{"@type":"ListItem","position":1,"name":"Strona g\u0142\u00f3wna","item":"https:\/\/marzenawalczak.com\/en\/"},{"@type":"ListItem","position":2,"name":"About me"}]},{"@type":"WebSite","@id":"https:\/\/marzenawalczak.com\/#website","url":"https:\/\/marzenawalczak.com\/","name":"Marzena Walczak Photography","description":"Galeria artystyczna","publisher":{"@id":"https:\/\/marzenawalczak.com\/#organization"},"potentialAction":[{"@type":"SearchAction","target":{"@type":"EntryPoint","urlTemplate":"https:\/\/marzenawalczak.com\/?s={search_term_string}"},"query-input":{"@type":"PropertyValueSpecification","valueRequired":true,"valueName":"search_term_string"}}],"inLanguage":"fr-FR"},{"@type":"Organization","@id":"https:\/\/marzenawalczak.com\/#organization","name":"Marzena Walczak photography","url":"https:\/\/marzenawalczak.com\/","logo":{"@type":"ImageObject","inLanguage":"fr-FR","@id":"https:\/\/marzenawalczak.com\/#\/schema\/logo\/image\/","url":"https:\/\/marzenawalczak.com\/wp-content\/uploads\/2022\/07\/DSC_0210.jpg","contentUrl":"https:\/\/marzenawalczak.com\/wp-content\/uploads\/2022\/07\/DSC_0210.jpg","width":1800,"height":1207,"caption":"Marzena Walczak photography"},"image":{"@id":"https:\/\/marzenawalczak.com\/#\/schema\/logo\/image\/"},"sameAs":["https:\/\/www.instagram.com\/marzenawalczak_com\/"]}]}},"_links":{"self":[{"href":"https:\/\/marzenawalczak.com\/fr\/wp-json\/wp\/v2\/pages\/6","targetHints":{"allow":["GET"]}}],"collection":[{"href":"https:\/\/marzenawalczak.com\/fr\/wp-json\/wp\/v2\/pages"}],"about":[{"href":"https:\/\/marzenawalczak.com\/fr\/wp-json\/wp\/v2\/types\/page"}],"author":[{"embeddable":true,"href":"https:\/\/marzenawalczak.com\/fr\/wp-json\/wp\/v2\/users\/1"}],"replies":[{"embeddable":true,"href":"https:\/\/marzenawalczak.com\/fr\/wp-json\/wp\/v2\/comments?post=6"}],"version-history":[{"count":14,"href":"https:\/\/marzenawalczak.com\/fr\/wp-json\/wp\/v2\/pages\/6\/revisions"}],"predecessor-version":[{"id":1064,"href":"https:\/\/marzenawalczak.com\/fr\/wp-json\/wp\/v2\/pages\/6\/revisions\/1064"}],"wp:attachment":[{"href":"https:\/\/marzenawalczak.com\/fr\/wp-json\/wp\/v2\/media?parent=6"}],"curies":[{"name":"wp","href":"https:\/\/api.w.org\/{rel}","templated":true}]}}