{"id":237,"date":"2021-12-20T19:14:39","date_gmt":"2021-12-20T18:14:39","guid":{"rendered":"http:\/\/marzenawalczak.com\/?post_type=product&#038;p=237"},"modified":"2023-11-15T14:48:52","modified_gmt":"2023-11-15T13:48:52","slug":"barwy-jesieni-kolorowe-jesienne-liscie","status":"publish","type":"product","link":"https:\/\/marzenawalczak.com\/fr\/produkt\/barwy-jesieni-kolorowe-jesienne-liscie\/","title":{"rendered":"barwy jesieni"},"content":{"rendered":"<p>Barwy jesieni &#8211; kolorowe jesienne li\u015bcie irgi, w bogatej palecie barw, od ciemnej zieleni do nasyconego bordo, po mistrzowsku wymalowane przez s\u0142o\u0144ce.<\/p>\n<p>Jesie\u0144 jest cudown\u0105 por\u0105, aby nasyci\u0107 nasze oczy wszelkimi kolorami \u015bwiata. Nie pozw\u00f3l \u017ceby w twoim \u017cyciu dominowa\u0142a szaro\u015b\u0107. Wyjd\u017a z domu, popatrz w s\u0142o\u0144ce, wyprowad\u017a psa na spacer, albo jemu daj si\u0119 wyprowadzi\u0107. Naprawd\u0119 niewiele trzeba, aby poczu\u0107 si\u0119 szcz\u0119\u015bliwym i da\u0107 szcz\u0119\u015bcie innym.<\/p>\n<p>A tutaj <a href=\"https:\/\/marzenawalczak.com\/produkt\/u-progu-zimy-fotografia-artystyczna\/\">irga<\/a> w innym wydaniu.<\/p>\n<p>&nbsp;<\/p>\n<p>&nbsp;<\/p>\n<p>&nbsp;<\/p>\n","protected":false},"excerpt":{"rendered":"<p>Po wielu szarych dniach promienie s\u0142o\u0144ca znalaz\u0142y sobie drog\u0119 mi\u0119dzy chmurami. Nagle wszystko o\u017cy\u0142o i roz\u015bwietli\u0142o si\u0119 kolorami.<\/p>\n","protected":false},"featured_media":241,"template":"","meta":{"_acf_changed":false},"product_brand":[],"product_cat":[16],"product_tag":[231,49,188,232,63,64,59,58,65,61,66,67,68,60,62,34],"class_list":{"0":"post-237","1":"product","2":"type-product","3":"status-publish","4":"has-post-thumbnail","6":"product_cat-bez-kategorii","7":"product_tag-art-photography","8":"product_tag-czerwony","9":"product_tag-do-wystroju-wnetrz","10":"product_tag-for-interior-design","11":"product_tag-irga","12":"product_tag-jesien","13":"product_tag-jesienny","14":"product_tag-kolorowy","15":"product_tag-liscie","16":"product_tag-pomaranczowy","17":"product_tag-slonce","18":"product_tag-sloneczny","19":"product_tag-swietllisty","20":"product_tag-wielobarwny","21":"product_tag-zolty","22":"product_tag-strona-glowna","23":"product_shipping_class-polska","25":"first","26":"onbackorder","27":"shipping-taxable","28":"purchasable","29":"product-type-variable"},"acf":[],"yoast_head":"<!-- This site is optimized with the Yoast SEO plugin v27.5 - https:\/\/yoast.com\/product\/yoast-seo-wordpress\/ -->\n<title>barwy jesieni<\/title>\n<meta name=\"description\" content=\"Autorska galeria fotografii - przyroda w kadrach makro. Chwila zachwytu nad \u015bwiatem kt\u00f3ry trudno dostrzec. Barwy jesieni - zdj\u0119cia do wystroju wn\u0119trz.\" \/>\n<meta name=\"robots\" content=\"index, follow, max-snippet:-1, max-image-preview:large, max-video-preview:-1\" \/>\n<link rel=\"canonical\" href=\"https:\/\/marzenawalczak.com\/fr\/produkt\/barwy-jesieni-kolorowe-jesienne-liscie\/\" \/>\n<meta property=\"og:locale\" content=\"fr_FR\" \/>\n<meta property=\"og:locale:alternate\" content=\"pl_PL\" \/>\n<meta property=\"og:locale:alternate\" content=\"en_US\" \/>\n<meta property=\"og:type\" content=\"article\" \/>\n<meta property=\"og:title\" content=\"barwy jesieni\" \/>\n<meta property=\"og:description\" content=\"Autorska galeria fotografii - przyroda w kadrach makro. Chwila zachwytu nad \u015bwiatem kt\u00f3ry trudno dostrzec. Barwy jesieni - zdj\u0119cia do wystroju wn\u0119trz.\" \/>\n<meta property=\"og:url\" content=\"https:\/\/marzenawalczak.com\/fr\/produkt\/barwy-jesieni-kolorowe-jesienne-liscie\/\" \/>\n<meta property=\"og:site_name\" content=\"Marzena Walczak Photography\" \/>\n<meta property=\"article:modified_time\" content=\"2023-11-15T13:48:52+00:00\" \/>\n<meta property=\"og:image\" content=\"https:\/\/marzenawalczak.com\/wp-content\/uploads\/2021\/12\/barwy-jesieni.jpg\" \/>\n\t<meta property=\"og:image:width\" content=\"2000\" \/>\n\t<meta property=\"og:image:height\" content=\"1325\" \/>\n\t<meta property=\"og:image:type\" content=\"image\/jpeg\" \/>\n<meta name=\"twitter:card\" content=\"summary_large_image\" \/>\n<meta name=\"twitter:label1\" content=\"Dur\u00e9e de lecture estim\u00e9e\" \/>\n\t<meta name=\"twitter:data1\" content=\"1 minute\" \/>\n<script type=\"application\/ld+json\" class=\"yoast-schema-graph\">{\"@context\":\"https:\\\/\\\/schema.org\",\"@graph\":[{\"@type\":\"WebPage\",\"@id\":\"https:\\\/\\\/marzenawalczak.com\\\/produkt\\\/barwy-jesieni-kolorowe-jesienne-liscie\\\/\",\"url\":\"https:\\\/\\\/marzenawalczak.com\\\/produkt\\\/barwy-jesieni-kolorowe-jesienne-liscie\\\/\",\"name\":\"barwy jesieni\",\"isPartOf\":{\"@id\":\"https:\\\/\\\/marzenawalczak.com\\\/#website\"},\"primaryImageOfPage\":{\"@id\":\"https:\\\/\\\/marzenawalczak.com\\\/produkt\\\/barwy-jesieni-kolorowe-jesienne-liscie\\\/#primaryimage\"},\"image\":{\"@id\":\"https:\\\/\\\/marzenawalczak.com\\\/produkt\\\/barwy-jesieni-kolorowe-jesienne-liscie\\\/#primaryimage\"},\"thumbnailUrl\":\"https:\\\/\\\/marzenawalczak.com\\\/wp-content\\\/uploads\\\/2021\\\/12\\\/barwy-jesieni.jpg\",\"datePublished\":\"2021-12-20T18:14:39+00:00\",\"dateModified\":\"2023-11-15T13:48:52+00:00\",\"description\":\"Autorska galeria fotografii - przyroda w kadrach makro. Chwila zachwytu nad \u015bwiatem kt\u00f3ry trudno dostrzec. Barwy jesieni - zdj\u0119cia do wystroju wn\u0119trz.\",\"breadcrumb\":{\"@id\":\"https:\\\/\\\/marzenawalczak.com\\\/produkt\\\/barwy-jesieni-kolorowe-jesienne-liscie\\\/#breadcrumb\"},\"inLanguage\":\"fr-FR\",\"potentialAction\":[{\"@type\":\"ReadAction\",\"target\":[\"https:\\\/\\\/marzenawalczak.com\\\/produkt\\\/barwy-jesieni-kolorowe-jesienne-liscie\\\/\"]}]},{\"@type\":\"ImageObject\",\"inLanguage\":\"fr-FR\",\"@id\":\"https:\\\/\\\/marzenawalczak.com\\\/produkt\\\/barwy-jesieni-kolorowe-jesienne-liscie\\\/#primaryimage\",\"url\":\"https:\\\/\\\/marzenawalczak.com\\\/wp-content\\\/uploads\\\/2021\\\/12\\\/barwy-jesieni.jpg\",\"contentUrl\":\"https:\\\/\\\/marzenawalczak.com\\\/wp-content\\\/uploads\\\/2021\\\/12\\\/barwy-jesieni.jpg\",\"width\":2000,\"height\":1325,\"caption\":\"Barwy jesieni. Fotografia artystyczna kolorowych jesiennych li\u015bci irgi poziomej. Bogata paleta barw od ciemnej zieleni do nasyconego bordo.\"},{\"@type\":\"BreadcrumbList\",\"@id\":\"https:\\\/\\\/marzenawalczak.com\\\/produkt\\\/barwy-jesieni-kolorowe-jesienne-liscie\\\/#breadcrumb\",\"itemListElement\":[{\"@type\":\"ListItem\",\"position\":1,\"name\":\"Strona g\u0142\u00f3wna\",\"item\":\"https:\\\/\\\/marzenawalczak.com\\\/en\\\/\"},{\"@type\":\"ListItem\",\"position\":2,\"name\":\"Portfolio\",\"item\":\"https:\\\/\\\/marzenawalczak.com\\\/portfolio-przyroda-w-skali-makro\\\/\"},{\"@type\":\"ListItem\",\"position\":3,\"name\":\"barwy jesieni\"}]},{\"@type\":\"WebSite\",\"@id\":\"https:\\\/\\\/marzenawalczak.com\\\/#website\",\"url\":\"https:\\\/\\\/marzenawalczak.com\\\/\",\"name\":\"Marzena Walczak Photography\",\"description\":\"Galeria artystyczna\",\"publisher\":{\"@id\":\"https:\\\/\\\/marzenawalczak.com\\\/#organization\"},\"potentialAction\":[{\"@type\":\"SearchAction\",\"target\":{\"@type\":\"EntryPoint\",\"urlTemplate\":\"https:\\\/\\\/marzenawalczak.com\\\/?s={search_term_string}\"},\"query-input\":{\"@type\":\"PropertyValueSpecification\",\"valueRequired\":true,\"valueName\":\"search_term_string\"}}],\"inLanguage\":\"fr-FR\"},{\"@type\":\"Organization\",\"@id\":\"https:\\\/\\\/marzenawalczak.com\\\/#organization\",\"name\":\"Marzena Walczak photography\",\"url\":\"https:\\\/\\\/marzenawalczak.com\\\/\",\"logo\":{\"@type\":\"ImageObject\",\"inLanguage\":\"fr-FR\",\"@id\":\"https:\\\/\\\/marzenawalczak.com\\\/#\\\/schema\\\/logo\\\/image\\\/\",\"url\":\"https:\\\/\\\/marzenawalczak.com\\\/wp-content\\\/uploads\\\/2022\\\/07\\\/DSC_0210.jpg\",\"contentUrl\":\"https:\\\/\\\/marzenawalczak.com\\\/wp-content\\\/uploads\\\/2022\\\/07\\\/DSC_0210.jpg\",\"width\":1800,\"height\":1207,\"caption\":\"Marzena Walczak photography\"},\"image\":{\"@id\":\"https:\\\/\\\/marzenawalczak.com\\\/#\\\/schema\\\/logo\\\/image\\\/\"},\"sameAs\":[\"https:\\\/\\\/www.instagram.com\\\/marzenawalczak_com\\\/\"]}]}<\/script>\n<!-- \/ Yoast SEO plugin. -->","yoast_head_json":{"title":"barwy jesieni","description":"Autorska galeria fotografii - przyroda w kadrach makro. Chwila zachwytu nad \u015bwiatem kt\u00f3ry trudno dostrzec. Barwy jesieni - zdj\u0119cia do wystroju wn\u0119trz.","robots":{"index":"index","follow":"follow","max-snippet":"max-snippet:-1","max-image-preview":"max-image-preview:large","max-video-preview":"max-video-preview:-1"},"canonical":"https:\/\/marzenawalczak.com\/fr\/produkt\/barwy-jesieni-kolorowe-jesienne-liscie\/","og_locale":"fr_FR","og_type":"article","og_title":"[:pl]barwy jesieni[:] &#8211; Marzena Walczak Photography","og_description":"Autorska galeria fotografii - przyroda w kadrach makro. Chwila zachwytu nad \u015bwiatem kt\u00f3ry trudno dostrzec. Barwy jesieni - zdj\u0119cia do wystroju wn\u0119trz.","og_url":"https:\/\/marzenawalczak.com\/fr\/produkt\/barwy-jesieni-kolorowe-jesienne-liscie\/","og_site_name":"Marzena Walczak Photography","article_modified_time":"2023-11-15T13:48:52+00:00","og_image":[{"width":2000,"height":1325,"url":"https:\/\/marzenawalczak.com\/wp-content\/uploads\/2021\/12\/barwy-jesieni.jpg","type":"image\/jpeg"}],"twitter_card":"summary_large_image","twitter_misc":{"Dur\u00e9e de lecture estim\u00e9e":"1 minute"},"schema":{"@context":"https:\/\/schema.org","@graph":[{"@type":"WebPage","@id":"https:\/\/marzenawalczak.com\/produkt\/barwy-jesieni-kolorowe-jesienne-liscie\/","url":"https:\/\/marzenawalczak.com\/produkt\/barwy-jesieni-kolorowe-jesienne-liscie\/","name":"barwy jesieni","isPartOf":{"@id":"https:\/\/marzenawalczak.com\/#website"},"primaryImageOfPage":{"@id":"https:\/\/marzenawalczak.com\/produkt\/barwy-jesieni-kolorowe-jesienne-liscie\/#primaryimage"},"image":{"@id":"https:\/\/marzenawalczak.com\/produkt\/barwy-jesieni-kolorowe-jesienne-liscie\/#primaryimage"},"thumbnailUrl":"https:\/\/marzenawalczak.com\/wp-content\/uploads\/2021\/12\/barwy-jesieni.jpg","datePublished":"2021-12-20T18:14:39+00:00","dateModified":"2023-11-15T13:48:52+00:00","description":"Autorska galeria fotografii - przyroda w kadrach makro. Chwila zachwytu nad \u015bwiatem kt\u00f3ry trudno dostrzec. Barwy jesieni - zdj\u0119cia do wystroju wn\u0119trz.","breadcrumb":{"@id":"https:\/\/marzenawalczak.com\/produkt\/barwy-jesieni-kolorowe-jesienne-liscie\/#breadcrumb"},"inLanguage":"fr-FR","potentialAction":[{"@type":"ReadAction","target":["https:\/\/marzenawalczak.com\/produkt\/barwy-jesieni-kolorowe-jesienne-liscie\/"]}]},{"@type":"ImageObject","inLanguage":"fr-FR","@id":"https:\/\/marzenawalczak.com\/produkt\/barwy-jesieni-kolorowe-jesienne-liscie\/#primaryimage","url":"https:\/\/marzenawalczak.com\/wp-content\/uploads\/2021\/12\/barwy-jesieni.jpg","contentUrl":"https:\/\/marzenawalczak.com\/wp-content\/uploads\/2021\/12\/barwy-jesieni.jpg","width":2000,"height":1325,"caption":"Barwy jesieni. Fotografia artystyczna kolorowych jesiennych li\u015bci irgi poziomej. Bogata paleta barw od ciemnej zieleni do nasyconego bordo."},{"@type":"BreadcrumbList","@id":"https:\/\/marzenawalczak.com\/produkt\/barwy-jesieni-kolorowe-jesienne-liscie\/#breadcrumb","itemListElement":[{"@type":"ListItem","position":1,"name":"Strona g\u0142\u00f3wna","item":"https:\/\/marzenawalczak.com\/en\/"},{"@type":"ListItem","position":2,"name":"Portfolio","item":"https:\/\/marzenawalczak.com\/portfolio-przyroda-w-skali-makro\/"},{"@type":"ListItem","position":3,"name":"barwy jesieni"}]},{"@type":"WebSite","@id":"https:\/\/marzenawalczak.com\/#website","url":"https:\/\/marzenawalczak.com\/","name":"Marzena Walczak Photography","description":"Galeria artystyczna","publisher":{"@id":"https:\/\/marzenawalczak.com\/#organization"},"potentialAction":[{"@type":"SearchAction","target":{"@type":"EntryPoint","urlTemplate":"https:\/\/marzenawalczak.com\/?s={search_term_string}"},"query-input":{"@type":"PropertyValueSpecification","valueRequired":true,"valueName":"search_term_string"}}],"inLanguage":"fr-FR"},{"@type":"Organization","@id":"https:\/\/marzenawalczak.com\/#organization","name":"Marzena Walczak photography","url":"https:\/\/marzenawalczak.com\/","logo":{"@type":"ImageObject","inLanguage":"fr-FR","@id":"https:\/\/marzenawalczak.com\/#\/schema\/logo\/image\/","url":"https:\/\/marzenawalczak.com\/wp-content\/uploads\/2022\/07\/DSC_0210.jpg","contentUrl":"https:\/\/marzenawalczak.com\/wp-content\/uploads\/2022\/07\/DSC_0210.jpg","width":1800,"height":1207,"caption":"Marzena Walczak photography"},"image":{"@id":"https:\/\/marzenawalczak.com\/#\/schema\/logo\/image\/"},"sameAs":["https:\/\/www.instagram.com\/marzenawalczak_com\/"]}]}},"_links":{"self":[{"href":"https:\/\/marzenawalczak.com\/fr\/wp-json\/wp\/v2\/product\/237","targetHints":{"allow":["GET"]}}],"collection":[{"href":"https:\/\/marzenawalczak.com\/fr\/wp-json\/wp\/v2\/product"}],"about":[{"href":"https:\/\/marzenawalczak.com\/fr\/wp-json\/wp\/v2\/types\/product"}],"wp:featuredmedia":[{"embeddable":true,"href":"https:\/\/marzenawalczak.com\/fr\/wp-json\/wp\/v2\/media\/241"}],"wp:attachment":[{"href":"https:\/\/marzenawalczak.com\/fr\/wp-json\/wp\/v2\/media?parent=237"}],"wp:term":[{"taxonomy":"product_brand","embeddable":true,"href":"https:\/\/marzenawalczak.com\/fr\/wp-json\/wp\/v2\/product_brand?post=237"},{"taxonomy":"product_cat","embeddable":true,"href":"https:\/\/marzenawalczak.com\/fr\/wp-json\/wp\/v2\/product_cat?post=237"},{"taxonomy":"product_tag","embeddable":true,"href":"https:\/\/marzenawalczak.com\/fr\/wp-json\/wp\/v2\/product_tag?post=237"}],"curies":[{"name":"wp","href":"https:\/\/api.w.org\/{rel}","templated":true}]}}