{"id":274,"date":"2021-12-21T11:30:34","date_gmt":"2021-12-21T10:30:34","guid":{"rendered":"http:\/\/marzenawalczak.com\/?post_type=product&#038;p=274"},"modified":"2023-10-11T10:20:52","modified_gmt":"2023-10-11T09:20:52","slug":"pomaranczowy-motyl-na-niebieskim-kwiatku","status":"publish","type":"product","link":"https:\/\/marzenawalczak.com\/fr\/produkt\/pomaranczowy-motyl-na-niebieskim-kwiatku\/","title":{"rendered":"chwila wytchnienia"},"content":{"rendered":"<p>Pomara\u0144czowy motyl na niebieskim kwiatku to <a href=\"https:\/\/www.medianauka.pl\/modraszkowate\">czerwo\u0144czyk dukacik<\/a> na jasie\u0144cu piaskowym.<\/p>\n<p>Przysiad\u0142, zaczerpn\u0105\u0107 troch\u0119 nektaru, by po chwili odlecie\u0107 na inne <a href=\"https:\/\/marzenawalczak.com\/produkt\/makowa-panienka\/\">polne kwiaty<\/a> kusz\u0105ce miodnym aromatem.<\/p>\n<p>Motyle nale\u017c\u0105 do najpi\u0119kniejszych zwierz\u0105t wyst\u0119puj\u0105cych na Ziemi. Kojarz\u0105 si\u0119 z pi\u0119knem, wolno\u015bci\u0105, lekko\u015bci\u0105, potrafi\u0105 oczarowa\u0107 swoj\u0105 urod\u0105 i wywo\u0142a\u0107 u\u015bmiech na naszych twarzach.<\/p>\n<p>Zobacz r\u00f3wnie\u017c <a href=\"https:\/\/marzenawalczak.com\/produkt\/cytrynek-zwiastun-wiosny\/\">moje pami\u0105tki<\/a> z <a href=\"https:\/\/marzenawalczak.com\/produkt\/paz-zeglarz\/\">innych spotka\u0144<\/a> z tymi <a href=\"https:\/\/marzenawalczak.com\/produkt\/sielanka\/\">uroczymi owadami<\/a>.<\/p>\n","protected":false},"excerpt":{"rendered":"<p><em>czerwo\u0144czyk dukacik<\/em><\/p>\n","protected":false},"featured_media":734,"template":"","meta":{"_acf_changed":false},"product_brand":[],"product_cat":[16],"product_tag":[76,115,117,120,58,96,95,83,46,118,116,61,113,121],"class_list":{"0":"post-274","1":"product","2":"type-product","3":"status-publish","4":"has-post-thumbnail","6":"product_cat-bez-kategorii","7":"product_tag-barwny","8":"product_tag-czerwonczyk","9":"product_tag-fauna-i-flora","10":"product_tag-jasieniec-piaskowy","11":"product_tag-kolorowy","12":"product_tag-kwiaty-lata","13":"product_tag-lato","14":"product_tag-makro","15":"product_tag-motyl","16":"product_tag-motyle","17":"product_tag-natura","18":"product_tag-pomaranczowy","19":"product_tag-pozytek-pszczeli","20":"product_tag-prezent","21":"product_shipping_class-polska","23":"first","24":"onbackorder","25":"shipping-taxable","26":"purchasable","27":"product-type-variable"},"acf":[],"yoast_head":"<!-- This site is optimized with the Yoast SEO plugin v27.5 - https:\/\/yoast.com\/product\/yoast-seo-wordpress\/ -->\n<title>chwila wytchnienia<\/title>\n<meta name=\"description\" content=\"Pomara\u0144czowy motyl na niebieskim kwiatku - detale przyrody w kadrach makro. Chwila zachwytu nad \u015bwiatem. Zdj\u0119cia do wystroju wn\u0119trz, doskona\u0142e na prezent.\" \/>\n<meta name=\"robots\" content=\"index, follow, max-snippet:-1, max-image-preview:large, max-video-preview:-1\" \/>\n<link rel=\"canonical\" href=\"https:\/\/marzenawalczak.com\/fr\/produkt\/pomaranczowy-motyl-na-niebieskim-kwiatku\/\" \/>\n<meta property=\"og:locale\" content=\"fr_FR\" \/>\n<meta property=\"og:locale:alternate\" content=\"pl_PL\" \/>\n<meta property=\"og:locale:alternate\" content=\"en_US\" \/>\n<meta property=\"og:type\" content=\"article\" \/>\n<meta property=\"og:title\" content=\"chwila wytchnienia\" \/>\n<meta property=\"og:description\" content=\"Pomara\u0144czowy motyl na niebieskim kwiatku - detale przyrody w kadrach makro. Chwila zachwytu nad \u015bwiatem. Zdj\u0119cia do wystroju wn\u0119trz, doskona\u0142e na prezent.\" \/>\n<meta property=\"og:url\" content=\"https:\/\/marzenawalczak.com\/fr\/produkt\/pomaranczowy-motyl-na-niebieskim-kwiatku\/\" \/>\n<meta property=\"og:site_name\" content=\"Marzena Walczak Photography\" \/>\n<meta property=\"article:modified_time\" content=\"2023-10-11T09:20:52+00:00\" \/>\n<meta property=\"og:image\" content=\"https:\/\/marzenawalczak.com\/wp-content\/uploads\/2021\/12\/chwila-wytchnienia-1.jpg\" \/>\n\t<meta property=\"og:image:width\" content=\"1000\" \/>\n\t<meta property=\"og:image:height\" content=\"1000\" \/>\n\t<meta property=\"og:image:type\" content=\"image\/jpeg\" \/>\n<meta name=\"twitter:card\" content=\"summary_large_image\" \/>\n<meta name=\"twitter:label1\" content=\"Dur\u00e9e de lecture estim\u00e9e\" \/>\n\t<meta name=\"twitter:data1\" content=\"1 minute\" \/>\n<script type=\"application\/ld+json\" class=\"yoast-schema-graph\">{\"@context\":\"https:\\\/\\\/schema.org\",\"@graph\":[{\"@type\":\"WebPage\",\"@id\":\"https:\\\/\\\/marzenawalczak.com\\\/produkt\\\/pomaranczowy-motyl-na-niebieskim-kwiatku\\\/\",\"url\":\"https:\\\/\\\/marzenawalczak.com\\\/produkt\\\/pomaranczowy-motyl-na-niebieskim-kwiatku\\\/\",\"name\":\"chwila wytchnienia\",\"isPartOf\":{\"@id\":\"https:\\\/\\\/marzenawalczak.com\\\/#website\"},\"primaryImageOfPage\":{\"@id\":\"https:\\\/\\\/marzenawalczak.com\\\/produkt\\\/pomaranczowy-motyl-na-niebieskim-kwiatku\\\/#primaryimage\"},\"image\":{\"@id\":\"https:\\\/\\\/marzenawalczak.com\\\/produkt\\\/pomaranczowy-motyl-na-niebieskim-kwiatku\\\/#primaryimage\"},\"thumbnailUrl\":\"https:\\\/\\\/marzenawalczak.com\\\/wp-content\\\/uploads\\\/2021\\\/12\\\/chwila-wytchnienia-1.jpg\",\"datePublished\":\"2021-12-21T10:30:34+00:00\",\"dateModified\":\"2023-10-11T09:20:52+00:00\",\"description\":\"Pomara\u0144czowy motyl na niebieskim kwiatku - detale przyrody w kadrach makro. Chwila zachwytu nad \u015bwiatem. Zdj\u0119cia do wystroju wn\u0119trz, doskona\u0142e na prezent.\",\"breadcrumb\":{\"@id\":\"https:\\\/\\\/marzenawalczak.com\\\/produkt\\\/pomaranczowy-motyl-na-niebieskim-kwiatku\\\/#breadcrumb\"},\"inLanguage\":\"fr-FR\",\"potentialAction\":[{\"@type\":\"ReadAction\",\"target\":[\"https:\\\/\\\/marzenawalczak.com\\\/produkt\\\/pomaranczowy-motyl-na-niebieskim-kwiatku\\\/\"]}]},{\"@type\":\"ImageObject\",\"inLanguage\":\"fr-FR\",\"@id\":\"https:\\\/\\\/marzenawalczak.com\\\/produkt\\\/pomaranczowy-motyl-na-niebieskim-kwiatku\\\/#primaryimage\",\"url\":\"https:\\\/\\\/marzenawalczak.com\\\/wp-content\\\/uploads\\\/2021\\\/12\\\/chwila-wytchnienia-1.jpg\",\"contentUrl\":\"https:\\\/\\\/marzenawalczak.com\\\/wp-content\\\/uploads\\\/2021\\\/12\\\/chwila-wytchnienia-1.jpg\",\"width\":1000,\"height\":1000,\"caption\":\"Chwila wytchnienia - pomara\u0144czowy motyl usiad\u0142 na niebieskim kwiatku prezentuj\u0105c swoj\u0105 niezwyk\u0142\u0105 urod\u0119.\"},{\"@type\":\"BreadcrumbList\",\"@id\":\"https:\\\/\\\/marzenawalczak.com\\\/produkt\\\/pomaranczowy-motyl-na-niebieskim-kwiatku\\\/#breadcrumb\",\"itemListElement\":[{\"@type\":\"ListItem\",\"position\":1,\"name\":\"Strona g\u0142\u00f3wna\",\"item\":\"https:\\\/\\\/marzenawalczak.com\\\/en\\\/\"},{\"@type\":\"ListItem\",\"position\":2,\"name\":\"Portfolio\",\"item\":\"https:\\\/\\\/marzenawalczak.com\\\/portfolio-przyroda-w-skali-makro\\\/\"},{\"@type\":\"ListItem\",\"position\":3,\"name\":\"chwila wytchnienia\"}]},{\"@type\":\"WebSite\",\"@id\":\"https:\\\/\\\/marzenawalczak.com\\\/#website\",\"url\":\"https:\\\/\\\/marzenawalczak.com\\\/\",\"name\":\"Marzena Walczak Photography\",\"description\":\"Galeria artystyczna\",\"publisher\":{\"@id\":\"https:\\\/\\\/marzenawalczak.com\\\/#organization\"},\"potentialAction\":[{\"@type\":\"SearchAction\",\"target\":{\"@type\":\"EntryPoint\",\"urlTemplate\":\"https:\\\/\\\/marzenawalczak.com\\\/?s={search_term_string}\"},\"query-input\":{\"@type\":\"PropertyValueSpecification\",\"valueRequired\":true,\"valueName\":\"search_term_string\"}}],\"inLanguage\":\"fr-FR\"},{\"@type\":\"Organization\",\"@id\":\"https:\\\/\\\/marzenawalczak.com\\\/#organization\",\"name\":\"Marzena Walczak photography\",\"url\":\"https:\\\/\\\/marzenawalczak.com\\\/\",\"logo\":{\"@type\":\"ImageObject\",\"inLanguage\":\"fr-FR\",\"@id\":\"https:\\\/\\\/marzenawalczak.com\\\/#\\\/schema\\\/logo\\\/image\\\/\",\"url\":\"https:\\\/\\\/marzenawalczak.com\\\/wp-content\\\/uploads\\\/2022\\\/07\\\/DSC_0210.jpg\",\"contentUrl\":\"https:\\\/\\\/marzenawalczak.com\\\/wp-content\\\/uploads\\\/2022\\\/07\\\/DSC_0210.jpg\",\"width\":1800,\"height\":1207,\"caption\":\"Marzena Walczak photography\"},\"image\":{\"@id\":\"https:\\\/\\\/marzenawalczak.com\\\/#\\\/schema\\\/logo\\\/image\\\/\"},\"sameAs\":[\"https:\\\/\\\/www.instagram.com\\\/marzenawalczak_com\\\/\"]}]}<\/script>\n<!-- \/ Yoast SEO plugin. -->","yoast_head_json":{"title":"chwila wytchnienia","description":"Pomara\u0144czowy motyl na niebieskim kwiatku - detale przyrody w kadrach makro. Chwila zachwytu nad \u015bwiatem. Zdj\u0119cia do wystroju wn\u0119trz, doskona\u0142e na prezent.","robots":{"index":"index","follow":"follow","max-snippet":"max-snippet:-1","max-image-preview":"max-image-preview:large","max-video-preview":"max-video-preview:-1"},"canonical":"https:\/\/marzenawalczak.com\/fr\/produkt\/pomaranczowy-motyl-na-niebieskim-kwiatku\/","og_locale":"fr_FR","og_type":"article","og_title":"[:pl]chwila wytchnienia[:en]chwila wytchnienia[:] &#8211; Marzena Walczak Photography","og_description":"Pomara\u0144czowy motyl na niebieskim kwiatku - detale przyrody w kadrach makro. Chwila zachwytu nad \u015bwiatem. Zdj\u0119cia do wystroju wn\u0119trz, doskona\u0142e na prezent.","og_url":"https:\/\/marzenawalczak.com\/fr\/produkt\/pomaranczowy-motyl-na-niebieskim-kwiatku\/","og_site_name":"Marzena Walczak Photography","article_modified_time":"2023-10-11T09:20:52+00:00","og_image":[{"width":1000,"height":1000,"url":"https:\/\/marzenawalczak.com\/wp-content\/uploads\/2021\/12\/chwila-wytchnienia-1.jpg","type":"image\/jpeg"}],"twitter_card":"summary_large_image","twitter_misc":{"Dur\u00e9e de lecture estim\u00e9e":"1 minute"},"schema":{"@context":"https:\/\/schema.org","@graph":[{"@type":"WebPage","@id":"https:\/\/marzenawalczak.com\/produkt\/pomaranczowy-motyl-na-niebieskim-kwiatku\/","url":"https:\/\/marzenawalczak.com\/produkt\/pomaranczowy-motyl-na-niebieskim-kwiatku\/","name":"chwila wytchnienia","isPartOf":{"@id":"https:\/\/marzenawalczak.com\/#website"},"primaryImageOfPage":{"@id":"https:\/\/marzenawalczak.com\/produkt\/pomaranczowy-motyl-na-niebieskim-kwiatku\/#primaryimage"},"image":{"@id":"https:\/\/marzenawalczak.com\/produkt\/pomaranczowy-motyl-na-niebieskim-kwiatku\/#primaryimage"},"thumbnailUrl":"https:\/\/marzenawalczak.com\/wp-content\/uploads\/2021\/12\/chwila-wytchnienia-1.jpg","datePublished":"2021-12-21T10:30:34+00:00","dateModified":"2023-10-11T09:20:52+00:00","description":"Pomara\u0144czowy motyl na niebieskim kwiatku - detale przyrody w kadrach makro. Chwila zachwytu nad \u015bwiatem. Zdj\u0119cia do wystroju wn\u0119trz, doskona\u0142e na prezent.","breadcrumb":{"@id":"https:\/\/marzenawalczak.com\/produkt\/pomaranczowy-motyl-na-niebieskim-kwiatku\/#breadcrumb"},"inLanguage":"fr-FR","potentialAction":[{"@type":"ReadAction","target":["https:\/\/marzenawalczak.com\/produkt\/pomaranczowy-motyl-na-niebieskim-kwiatku\/"]}]},{"@type":"ImageObject","inLanguage":"fr-FR","@id":"https:\/\/marzenawalczak.com\/produkt\/pomaranczowy-motyl-na-niebieskim-kwiatku\/#primaryimage","url":"https:\/\/marzenawalczak.com\/wp-content\/uploads\/2021\/12\/chwila-wytchnienia-1.jpg","contentUrl":"https:\/\/marzenawalczak.com\/wp-content\/uploads\/2021\/12\/chwila-wytchnienia-1.jpg","width":1000,"height":1000,"caption":"Chwila wytchnienia - pomara\u0144czowy motyl usiad\u0142 na niebieskim kwiatku prezentuj\u0105c swoj\u0105 niezwyk\u0142\u0105 urod\u0119."},{"@type":"BreadcrumbList","@id":"https:\/\/marzenawalczak.com\/produkt\/pomaranczowy-motyl-na-niebieskim-kwiatku\/#breadcrumb","itemListElement":[{"@type":"ListItem","position":1,"name":"Strona g\u0142\u00f3wna","item":"https:\/\/marzenawalczak.com\/en\/"},{"@type":"ListItem","position":2,"name":"Portfolio","item":"https:\/\/marzenawalczak.com\/portfolio-przyroda-w-skali-makro\/"},{"@type":"ListItem","position":3,"name":"chwila wytchnienia"}]},{"@type":"WebSite","@id":"https:\/\/marzenawalczak.com\/#website","url":"https:\/\/marzenawalczak.com\/","name":"Marzena Walczak Photography","description":"Galeria artystyczna","publisher":{"@id":"https:\/\/marzenawalczak.com\/#organization"},"potentialAction":[{"@type":"SearchAction","target":{"@type":"EntryPoint","urlTemplate":"https:\/\/marzenawalczak.com\/?s={search_term_string}"},"query-input":{"@type":"PropertyValueSpecification","valueRequired":true,"valueName":"search_term_string"}}],"inLanguage":"fr-FR"},{"@type":"Organization","@id":"https:\/\/marzenawalczak.com\/#organization","name":"Marzena Walczak photography","url":"https:\/\/marzenawalczak.com\/","logo":{"@type":"ImageObject","inLanguage":"fr-FR","@id":"https:\/\/marzenawalczak.com\/#\/schema\/logo\/image\/","url":"https:\/\/marzenawalczak.com\/wp-content\/uploads\/2022\/07\/DSC_0210.jpg","contentUrl":"https:\/\/marzenawalczak.com\/wp-content\/uploads\/2022\/07\/DSC_0210.jpg","width":1800,"height":1207,"caption":"Marzena Walczak photography"},"image":{"@id":"https:\/\/marzenawalczak.com\/#\/schema\/logo\/image\/"},"sameAs":["https:\/\/www.instagram.com\/marzenawalczak_com\/"]}]}},"_links":{"self":[{"href":"https:\/\/marzenawalczak.com\/fr\/wp-json\/wp\/v2\/product\/274","targetHints":{"allow":["GET"]}}],"collection":[{"href":"https:\/\/marzenawalczak.com\/fr\/wp-json\/wp\/v2\/product"}],"about":[{"href":"https:\/\/marzenawalczak.com\/fr\/wp-json\/wp\/v2\/types\/product"}],"wp:featuredmedia":[{"embeddable":true,"href":"https:\/\/marzenawalczak.com\/fr\/wp-json\/wp\/v2\/media\/734"}],"wp:attachment":[{"href":"https:\/\/marzenawalczak.com\/fr\/wp-json\/wp\/v2\/media?parent=274"}],"wp:term":[{"taxonomy":"product_brand","embeddable":true,"href":"https:\/\/marzenawalczak.com\/fr\/wp-json\/wp\/v2\/product_brand?post=274"},{"taxonomy":"product_cat","embeddable":true,"href":"https:\/\/marzenawalczak.com\/fr\/wp-json\/wp\/v2\/product_cat?post=274"},{"taxonomy":"product_tag","embeddable":true,"href":"https:\/\/marzenawalczak.com\/fr\/wp-json\/wp\/v2\/product_tag?post=274"}],"curies":[{"name":"wp","href":"https:\/\/api.w.org\/{rel}","templated":true}]}}