{"id":332,"date":"2021-12-30T11:43:43","date_gmt":"2021-12-30T10:43:43","guid":{"rendered":"https:\/\/marzenawalczak.com\/?post_type=product&#038;p=332"},"modified":"2023-10-09T14:31:12","modified_gmt":"2023-10-09T13:31:12","slug":"a-u-nas-juz-jesien","status":"publish","type":"product","link":"https:\/\/marzenawalczak.com\/fr\/produkt\/a-u-nas-juz-jesien\/","title":{"rendered":"a u nas ju\u017c jesie\u0144"},"content":{"rendered":"<p>A u nas ju\u017c jesie\u0144 z\u0142oci li\u015bcie r\u00f3\u017cy, podczas gdy inne, w tle, jeszcze si\u0119 nie daj\u0105 i epatuj\u0105 sw\u0105 intensywn\u0105 zieleni\u0105. Natura przemienia si\u0119, przechodz\u0105c z tonacji \u017cywej zieleni do cieplejszych, s\u0142onecznych barw. Przywdziewa sw\u0105 <strong><em><a href=\"https:\/\/marzenawalczak.com\/produkt\/barwy-jesieni-kolorowe-jesienne-liscie\/\">jesienn\u0105 szat\u0119<\/a><\/em><\/strong> , z\u0142o\u017con\u0105 z \u017c\u00f3\u0142ci, pomara\u0144czy, czerwieni i br\u0105zu, przyozdobion\u0105 z\u0142otem. Prawdziwie po kr\u00f3lewsku.<\/p>\n<p>Sceneria godna zachwytu, chwilowa, ulotna, tylko patrze\u0107 jak minie bezpowrotnie. Zatrzymaj si\u0119, otw\u00f3rz oczy i patrz.<\/p>\n<p><strong><em>&#8230;\u015awiat \u017cyje przez chwil\u0119<\/em><\/strong><br aria-hidden=\"true\" \/><strong><em>Nie kr\u00f3cej nie d\u0142u\u017cej&#8230;<\/em><\/strong><\/p>\n<p>jak w piosence Jadwigi Strzeleckiej.<\/p>\n<p>&nbsp;<\/p>\n<p>&nbsp;<\/p>\n","protected":false},"excerpt":{"rendered":"<p>A u nas ju\u017c jesie\u0144 z\u0142oci li\u015bcie r\u00f3\u017cy, podczas gdy inne, w tle, jeszcze si\u0119 nie daj\u0105 i epatuj\u0105 sw\u0105 intensywn\u0105 zieleni\u0105. Natura przemienia si\u0119, przechodz\u0105c z tonacji \u017cywej zieleni do cieplejszych, s\u0142onecznych barw. Przywdziewa sw\u0105 jesienn\u0105 szat\u0119 , z\u0142o\u017con\u0105 z \u017c\u00f3\u0142ci, pomara\u0144czy, czerwieni i br\u0105zu, przyozdobion\u0105 z\u0142otem. Prawdziwie po kr\u00f3lewsku. Sceneria godna zachwytu, chwilowa, [&hellip;]<\/p>\n","protected":false},"featured_media":779,"template":"","meta":{"_acf_changed":false},"product_brand":[],"product_cat":[16],"product_tag":[76,258,64,59,58,134,61,121,81,88,60],"class_list":{"0":"post-332","1":"product","2":"type-product","3":"status-publish","4":"has-post-thumbnail","6":"product_cat-bez-kategorii","7":"product_tag-barwny","8":"product_tag-barwy-jesieni","9":"product_tag-jesien","10":"product_tag-jesienny","11":"product_tag-kolorowy","12":"product_tag-ogrod","13":"product_tag-pomaranczowy","14":"product_tag-prezent","15":"product_tag-przyroda","16":"product_tag-swiatlo-i-cien","17":"product_tag-wielobarwny","18":"product_shipping_class-polska","20":"first","21":"onbackorder","22":"shipping-taxable","23":"purchasable","24":"product-type-variable"},"acf":[],"yoast_head":"<!-- This site is optimized with the Yoast SEO plugin v27.5 - https:\/\/yoast.com\/product\/yoast-seo-wordpress\/ -->\n<title>a u nas ju\u017c jesie\u0144<\/title>\n<meta name=\"description\" content=\"a u nas ju\u017c jesie\u0144 - detale przyrody w kadrach makro. Chwila zachwytu nad \u015bwiatem kt\u00f3ry trudno dostrzec. Zdj\u0119cia do wystroju wn\u0119trz. R\u00f3wnie\u017c na prezent.\" \/>\n<meta name=\"robots\" content=\"index, follow, max-snippet:-1, max-image-preview:large, max-video-preview:-1\" \/>\n<link rel=\"canonical\" href=\"https:\/\/marzenawalczak.com\/fr\/produkt\/a-u-nas-juz-jesien\/\" \/>\n<meta property=\"og:locale\" content=\"fr_FR\" \/>\n<meta property=\"og:locale:alternate\" content=\"pl_PL\" \/>\n<meta property=\"og:locale:alternate\" content=\"en_US\" \/>\n<meta property=\"og:type\" content=\"article\" \/>\n<meta property=\"og:title\" content=\"a u nas ju\u017c jesie\u0144\" \/>\n<meta property=\"og:description\" content=\"a u nas ju\u017c jesie\u0144 - detale przyrody w kadrach makro. Chwila zachwytu nad \u015bwiatem kt\u00f3ry trudno dostrzec. Zdj\u0119cia do wystroju wn\u0119trz. R\u00f3wnie\u017c na prezent.\" \/>\n<meta property=\"og:url\" content=\"https:\/\/marzenawalczak.com\/fr\/produkt\/a-u-nas-juz-jesien\/\" \/>\n<meta property=\"og:site_name\" content=\"Marzena Walczak Photography\" \/>\n<meta property=\"article:modified_time\" content=\"2023-10-09T13:31:12+00:00\" \/>\n<meta property=\"og:image\" content=\"https:\/\/marzenawalczak.com\/wp-content\/uploads\/2021\/12\/a-u-nas-juz-jesien.jpg\" \/>\n\t<meta property=\"og:image:width\" content=\"2000\" \/>\n\t<meta property=\"og:image:height\" content=\"1325\" \/>\n\t<meta property=\"og:image:type\" content=\"image\/jpeg\" \/>\n<meta name=\"twitter:card\" content=\"summary_large_image\" \/>\n<meta name=\"twitter:label1\" content=\"Dur\u00e9e de lecture estim\u00e9e\" \/>\n\t<meta name=\"twitter:data1\" content=\"1 minute\" \/>\n<script type=\"application\/ld+json\" class=\"yoast-schema-graph\">{\"@context\":\"https:\\\/\\\/schema.org\",\"@graph\":[{\"@type\":\"WebPage\",\"@id\":\"https:\\\/\\\/marzenawalczak.com\\\/produkt\\\/a-u-nas-juz-jesien\\\/\",\"url\":\"https:\\\/\\\/marzenawalczak.com\\\/produkt\\\/a-u-nas-juz-jesien\\\/\",\"name\":\"a u nas ju\u017c jesie\u0144\",\"isPartOf\":{\"@id\":\"https:\\\/\\\/marzenawalczak.com\\\/#website\"},\"primaryImageOfPage\":{\"@id\":\"https:\\\/\\\/marzenawalczak.com\\\/produkt\\\/a-u-nas-juz-jesien\\\/#primaryimage\"},\"image\":{\"@id\":\"https:\\\/\\\/marzenawalczak.com\\\/produkt\\\/a-u-nas-juz-jesien\\\/#primaryimage\"},\"thumbnailUrl\":\"https:\\\/\\\/marzenawalczak.com\\\/wp-content\\\/uploads\\\/2021\\\/12\\\/a-u-nas-juz-jesien.jpg\",\"datePublished\":\"2021-12-30T10:43:43+00:00\",\"dateModified\":\"2023-10-09T13:31:12+00:00\",\"description\":\"a u nas ju\u017c jesie\u0144 - detale przyrody w kadrach makro. Chwila zachwytu nad \u015bwiatem kt\u00f3ry trudno dostrzec. Zdj\u0119cia do wystroju wn\u0119trz. R\u00f3wnie\u017c na prezent.\",\"breadcrumb\":{\"@id\":\"https:\\\/\\\/marzenawalczak.com\\\/produkt\\\/a-u-nas-juz-jesien\\\/#breadcrumb\"},\"inLanguage\":\"fr-FR\",\"potentialAction\":[{\"@type\":\"ReadAction\",\"target\":[\"https:\\\/\\\/marzenawalczak.com\\\/produkt\\\/a-u-nas-juz-jesien\\\/\"]}]},{\"@type\":\"ImageObject\",\"inLanguage\":\"fr-FR\",\"@id\":\"https:\\\/\\\/marzenawalczak.com\\\/produkt\\\/a-u-nas-juz-jesien\\\/#primaryimage\",\"url\":\"https:\\\/\\\/marzenawalczak.com\\\/wp-content\\\/uploads\\\/2021\\\/12\\\/a-u-nas-juz-jesien.jpg\",\"contentUrl\":\"https:\\\/\\\/marzenawalczak.com\\\/wp-content\\\/uploads\\\/2021\\\/12\\\/a-u-nas-juz-jesien.jpg\",\"width\":2000,\"height\":1325,\"caption\":\"A u nas ju\u017c jesie\u0144 z\u0142oci li\u015bcie r\u00f3\u017cy, podczas gdy inne w tle jeszcze si\u0119 nie daj\u0105 i epatuj\u0105 sw\u0105 intensywn\u0105 zieleni\u0105.\"},{\"@type\":\"BreadcrumbList\",\"@id\":\"https:\\\/\\\/marzenawalczak.com\\\/produkt\\\/a-u-nas-juz-jesien\\\/#breadcrumb\",\"itemListElement\":[{\"@type\":\"ListItem\",\"position\":1,\"name\":\"Strona g\u0142\u00f3wna\",\"item\":\"https:\\\/\\\/marzenawalczak.com\\\/en\\\/\"},{\"@type\":\"ListItem\",\"position\":2,\"name\":\"Portfolio\",\"item\":\"https:\\\/\\\/marzenawalczak.com\\\/portfolio-przyroda-w-skali-makro\\\/\"},{\"@type\":\"ListItem\",\"position\":3,\"name\":\"a u nas ju\u017c jesie\u0144\"}]},{\"@type\":\"WebSite\",\"@id\":\"https:\\\/\\\/marzenawalczak.com\\\/#website\",\"url\":\"https:\\\/\\\/marzenawalczak.com\\\/\",\"name\":\"Marzena Walczak Photography\",\"description\":\"Galeria artystyczna\",\"publisher\":{\"@id\":\"https:\\\/\\\/marzenawalczak.com\\\/#organization\"},\"potentialAction\":[{\"@type\":\"SearchAction\",\"target\":{\"@type\":\"EntryPoint\",\"urlTemplate\":\"https:\\\/\\\/marzenawalczak.com\\\/?s={search_term_string}\"},\"query-input\":{\"@type\":\"PropertyValueSpecification\",\"valueRequired\":true,\"valueName\":\"search_term_string\"}}],\"inLanguage\":\"fr-FR\"},{\"@type\":\"Organization\",\"@id\":\"https:\\\/\\\/marzenawalczak.com\\\/#organization\",\"name\":\"Marzena Walczak photography\",\"url\":\"https:\\\/\\\/marzenawalczak.com\\\/\",\"logo\":{\"@type\":\"ImageObject\",\"inLanguage\":\"fr-FR\",\"@id\":\"https:\\\/\\\/marzenawalczak.com\\\/#\\\/schema\\\/logo\\\/image\\\/\",\"url\":\"https:\\\/\\\/marzenawalczak.com\\\/wp-content\\\/uploads\\\/2022\\\/07\\\/DSC_0210.jpg\",\"contentUrl\":\"https:\\\/\\\/marzenawalczak.com\\\/wp-content\\\/uploads\\\/2022\\\/07\\\/DSC_0210.jpg\",\"width\":1800,\"height\":1207,\"caption\":\"Marzena Walczak photography\"},\"image\":{\"@id\":\"https:\\\/\\\/marzenawalczak.com\\\/#\\\/schema\\\/logo\\\/image\\\/\"},\"sameAs\":[\"https:\\\/\\\/www.instagram.com\\\/marzenawalczak_com\\\/\"]}]}<\/script>\n<!-- \/ Yoast SEO plugin. -->","yoast_head_json":{"title":"a u nas ju\u017c jesie\u0144","description":"a u nas ju\u017c jesie\u0144 - detale przyrody w kadrach makro. Chwila zachwytu nad \u015bwiatem kt\u00f3ry trudno dostrzec. Zdj\u0119cia do wystroju wn\u0119trz. R\u00f3wnie\u017c na prezent.","robots":{"index":"index","follow":"follow","max-snippet":"max-snippet:-1","max-image-preview":"max-image-preview:large","max-video-preview":"max-video-preview:-1"},"canonical":"https:\/\/marzenawalczak.com\/fr\/produkt\/a-u-nas-juz-jesien\/","og_locale":"fr_FR","og_type":"article","og_title":"[:pl]a u nas ju\u017c jesie\u0144[:en]r\u00f3\u017cany bokeh[:] &#8211; Marzena Walczak Photography","og_description":"a u nas ju\u017c jesie\u0144 - detale przyrody w kadrach makro. Chwila zachwytu nad \u015bwiatem kt\u00f3ry trudno dostrzec. Zdj\u0119cia do wystroju wn\u0119trz. R\u00f3wnie\u017c na prezent.","og_url":"https:\/\/marzenawalczak.com\/fr\/produkt\/a-u-nas-juz-jesien\/","og_site_name":"Marzena Walczak Photography","article_modified_time":"2023-10-09T13:31:12+00:00","og_image":[{"width":2000,"height":1325,"url":"https:\/\/marzenawalczak.com\/wp-content\/uploads\/2021\/12\/a-u-nas-juz-jesien.jpg","type":"image\/jpeg"}],"twitter_card":"summary_large_image","twitter_misc":{"Dur\u00e9e de lecture estim\u00e9e":"1 minute"},"schema":{"@context":"https:\/\/schema.org","@graph":[{"@type":"WebPage","@id":"https:\/\/marzenawalczak.com\/produkt\/a-u-nas-juz-jesien\/","url":"https:\/\/marzenawalczak.com\/produkt\/a-u-nas-juz-jesien\/","name":"a u nas ju\u017c jesie\u0144","isPartOf":{"@id":"https:\/\/marzenawalczak.com\/#website"},"primaryImageOfPage":{"@id":"https:\/\/marzenawalczak.com\/produkt\/a-u-nas-juz-jesien\/#primaryimage"},"image":{"@id":"https:\/\/marzenawalczak.com\/produkt\/a-u-nas-juz-jesien\/#primaryimage"},"thumbnailUrl":"https:\/\/marzenawalczak.com\/wp-content\/uploads\/2021\/12\/a-u-nas-juz-jesien.jpg","datePublished":"2021-12-30T10:43:43+00:00","dateModified":"2023-10-09T13:31:12+00:00","description":"a u nas ju\u017c jesie\u0144 - detale przyrody w kadrach makro. Chwila zachwytu nad \u015bwiatem kt\u00f3ry trudno dostrzec. Zdj\u0119cia do wystroju wn\u0119trz. R\u00f3wnie\u017c na prezent.","breadcrumb":{"@id":"https:\/\/marzenawalczak.com\/produkt\/a-u-nas-juz-jesien\/#breadcrumb"},"inLanguage":"fr-FR","potentialAction":[{"@type":"ReadAction","target":["https:\/\/marzenawalczak.com\/produkt\/a-u-nas-juz-jesien\/"]}]},{"@type":"ImageObject","inLanguage":"fr-FR","@id":"https:\/\/marzenawalczak.com\/produkt\/a-u-nas-juz-jesien\/#primaryimage","url":"https:\/\/marzenawalczak.com\/wp-content\/uploads\/2021\/12\/a-u-nas-juz-jesien.jpg","contentUrl":"https:\/\/marzenawalczak.com\/wp-content\/uploads\/2021\/12\/a-u-nas-juz-jesien.jpg","width":2000,"height":1325,"caption":"A u nas ju\u017c jesie\u0144 z\u0142oci li\u015bcie r\u00f3\u017cy, podczas gdy inne w tle jeszcze si\u0119 nie daj\u0105 i epatuj\u0105 sw\u0105 intensywn\u0105 zieleni\u0105."},{"@type":"BreadcrumbList","@id":"https:\/\/marzenawalczak.com\/produkt\/a-u-nas-juz-jesien\/#breadcrumb","itemListElement":[{"@type":"ListItem","position":1,"name":"Strona g\u0142\u00f3wna","item":"https:\/\/marzenawalczak.com\/en\/"},{"@type":"ListItem","position":2,"name":"Portfolio","item":"https:\/\/marzenawalczak.com\/portfolio-przyroda-w-skali-makro\/"},{"@type":"ListItem","position":3,"name":"a u nas ju\u017c jesie\u0144"}]},{"@type":"WebSite","@id":"https:\/\/marzenawalczak.com\/#website","url":"https:\/\/marzenawalczak.com\/","name":"Marzena Walczak Photography","description":"Galeria artystyczna","publisher":{"@id":"https:\/\/marzenawalczak.com\/#organization"},"potentialAction":[{"@type":"SearchAction","target":{"@type":"EntryPoint","urlTemplate":"https:\/\/marzenawalczak.com\/?s={search_term_string}"},"query-input":{"@type":"PropertyValueSpecification","valueRequired":true,"valueName":"search_term_string"}}],"inLanguage":"fr-FR"},{"@type":"Organization","@id":"https:\/\/marzenawalczak.com\/#organization","name":"Marzena Walczak photography","url":"https:\/\/marzenawalczak.com\/","logo":{"@type":"ImageObject","inLanguage":"fr-FR","@id":"https:\/\/marzenawalczak.com\/#\/schema\/logo\/image\/","url":"https:\/\/marzenawalczak.com\/wp-content\/uploads\/2022\/07\/DSC_0210.jpg","contentUrl":"https:\/\/marzenawalczak.com\/wp-content\/uploads\/2022\/07\/DSC_0210.jpg","width":1800,"height":1207,"caption":"Marzena Walczak photography"},"image":{"@id":"https:\/\/marzenawalczak.com\/#\/schema\/logo\/image\/"},"sameAs":["https:\/\/www.instagram.com\/marzenawalczak_com\/"]}]}},"_links":{"self":[{"href":"https:\/\/marzenawalczak.com\/fr\/wp-json\/wp\/v2\/product\/332","targetHints":{"allow":["GET"]}}],"collection":[{"href":"https:\/\/marzenawalczak.com\/fr\/wp-json\/wp\/v2\/product"}],"about":[{"href":"https:\/\/marzenawalczak.com\/fr\/wp-json\/wp\/v2\/types\/product"}],"wp:featuredmedia":[{"embeddable":true,"href":"https:\/\/marzenawalczak.com\/fr\/wp-json\/wp\/v2\/media\/779"}],"wp:attachment":[{"href":"https:\/\/marzenawalczak.com\/fr\/wp-json\/wp\/v2\/media?parent=332"}],"wp:term":[{"taxonomy":"product_brand","embeddable":true,"href":"https:\/\/marzenawalczak.com\/fr\/wp-json\/wp\/v2\/product_brand?post=332"},{"taxonomy":"product_cat","embeddable":true,"href":"https:\/\/marzenawalczak.com\/fr\/wp-json\/wp\/v2\/product_cat?post=332"},{"taxonomy":"product_tag","embeddable":true,"href":"https:\/\/marzenawalczak.com\/fr\/wp-json\/wp\/v2\/product_tag?post=332"}],"curies":[{"name":"wp","href":"https:\/\/api.w.org\/{rel}","templated":true}]}}