{"id":553,"date":"2022-03-14T17:53:54","date_gmt":"2022-03-14T16:53:54","guid":{"rendered":"https:\/\/marzenawalczak.com\/?post_type=product&#038;p=553"},"modified":"2022-12-05T13:22:10","modified_gmt":"2022-12-05T12:22:10","slug":"kwiaty-lawendy-fotografia-artystyczna","status":"publish","type":"product","link":"https:\/\/marzenawalczak.com\/fr\/produkt\/kwiaty-lawendy-fotografia-artystyczna\/","title":{"rendered":"zapach Prowansji"},"content":{"rendered":"<p>Kwiaty lawendy pojedynczo s\u0105 male\u0144kie i niepozorne. Zebrane w k\u0142osy i umieszczone na d\u0142ugich i cienkich szypu\u0142kach, przyci\u0105gaj\u0105 wzrok i oczarowuj\u0105 swoj\u0105 lekko\u015bci\u0105 i delikatno\u015bci\u0105.<\/p>\n<p>Przede wszystkim lawenda uwielbiana jest za niesamowity zapach i w\u0142a\u015bciwo\u015bci lecznicze, a tak\u017ce za wyj\u0105tkowy, upojny klimat lawendowego ogrodu. Wielbicielami tej fantastycznej ro\u015bliny s\u0105 r\u00f3wnie\u017c liczne owady: pszczo\u0142y, trzmiele, <a href=\"https:\/\/marzenawalczak.com\/produkt\/cytrynek-zwiastun-wiosny\/\"><em><strong>motyle<\/strong><\/em><\/a>, a tak\u017ce fruczak go\u0142\u0105bek zanany jako <a href=\"http:\/\/www.polskiekrajobrazy.pl\/Galerie\/167:przyroda\/88838:Fruczak_golabek_czyli_polski_koliber.html\"><em><strong>polski koliber<\/strong><\/em><\/a>.<\/p>\n<p>&nbsp;<\/p>\n<p>&nbsp;<\/p>\n","protected":false},"excerpt":{"rendered":"<p>Kwiaty lawendy pojedynczo s\u0105 male\u0144kie i niepozorne. Zebrane w k\u0142osy i umieszczone na d\u0142ugich i cienkich szypu\u0142kach, przyci\u0105gaj\u0105 wzrok i oczarowuj\u0105 swoj\u0105 lekko\u015bci\u0105 i delikatno\u015bci\u0105. Przede wszystkim lawenda uwielbiana jest za niesamowity zapach i w\u0142a\u015bciwo\u015bci lecznicze, a tak\u017ce za wyj\u0105tkowy, upojny klimat lawendowego ogrodu. Wielbicielami tej fantastycznej ro\u015bliny s\u0105 r\u00f3wnie\u017c liczne owady: pszczo\u0142y, trzmiele, motyle, [&hellip;]<\/p>\n","protected":false},"featured_media":821,"template":"","meta":{"_acf_changed":false},"product_brand":[],"product_cat":[16],"product_tag":[150,92,93,156,96,95,89,94,83,46,116,55,134,149,113,68],"class_list":{"0":"post-553","1":"product","2":"type-product","3":"status-publish","4":"has-post-thumbnail","6":"product_cat-bez-kategorii","7":"product_tag-delikatnosc","8":"product_tag-fiolet","9":"product_tag-fioletowy","10":"product_tag-gift","11":"product_tag-kwiaty-lata","12":"product_tag-lato","13":"product_tag-lawenda","14":"product_tag-lawendowy","15":"product_tag-makro","16":"product_tag-motyl","17":"product_tag-natura","18":"product_tag-niebieski","19":"product_tag-ogrod","20":"product_tag-oryginalny-prezent","21":"product_tag-pozytek-pszczeli","22":"product_tag-swietllisty","23":"product_shipping_class-polska","25":"first","26":"onbackorder","27":"shipping-taxable","28":"purchasable","29":"product-type-variable"},"acf":[],"yoast_head":"<!-- This site is optimized with the Yoast SEO plugin v27.5 - https:\/\/yoast.com\/product\/yoast-seo-wordpress\/ -->\n<title>zapach Prowansji<\/title>\n<meta name=\"description\" content=\"Kwiaty lawendy - detale przyrody w kadrach makro. Chwila zachwytu nad \u015bwiatem, kt\u00f3ry trudno dostrzec. Zdj\u0119cia do wystroju wn\u0119trz. Oryginalny prezent.\" \/>\n<meta name=\"robots\" content=\"index, follow, max-snippet:-1, max-image-preview:large, max-video-preview:-1\" \/>\n<link rel=\"canonical\" href=\"https:\/\/marzenawalczak.com\/fr\/produkt\/kwiaty-lawendy-fotografia-artystyczna\/\" \/>\n<meta property=\"og:locale\" content=\"fr_FR\" \/>\n<meta property=\"og:locale:alternate\" content=\"pl_PL\" \/>\n<meta property=\"og:locale:alternate\" content=\"en_US\" \/>\n<meta property=\"og:type\" content=\"article\" \/>\n<meta property=\"og:title\" content=\"zapach Prowansji\" \/>\n<meta property=\"og:description\" content=\"Kwiaty lawendy - detale przyrody w kadrach makro. Chwila zachwytu nad \u015bwiatem, kt\u00f3ry trudno dostrzec. Zdj\u0119cia do wystroju wn\u0119trz. Oryginalny prezent.\" \/>\n<meta property=\"og:url\" content=\"https:\/\/marzenawalczak.com\/fr\/produkt\/kwiaty-lawendy-fotografia-artystyczna\/\" \/>\n<meta property=\"og:site_name\" content=\"Marzena Walczak Photography\" \/>\n<meta property=\"article:modified_time\" content=\"2022-12-05T12:22:10+00:00\" \/>\n<meta property=\"og:image\" content=\"https:\/\/marzenawalczak.com\/wp-content\/uploads\/2022\/03\/kwiaty-lawendy.jpg\" \/>\n\t<meta property=\"og:image:width\" content=\"1900\" \/>\n\t<meta property=\"og:image:height\" content=\"1258\" \/>\n\t<meta property=\"og:image:type\" content=\"image\/jpeg\" \/>\n<meta name=\"twitter:card\" content=\"summary_large_image\" \/>\n<meta name=\"twitter:label1\" content=\"Dur\u00e9e de lecture estim\u00e9e\" \/>\n\t<meta name=\"twitter:data1\" content=\"1 minute\" \/>\n<script type=\"application\/ld+json\" class=\"yoast-schema-graph\">{\"@context\":\"https:\\\/\\\/schema.org\",\"@graph\":[{\"@type\":\"WebPage\",\"@id\":\"https:\\\/\\\/marzenawalczak.com\\\/produkt\\\/kwiaty-lawendy-fotografia-artystyczna\\\/\",\"url\":\"https:\\\/\\\/marzenawalczak.com\\\/produkt\\\/kwiaty-lawendy-fotografia-artystyczna\\\/\",\"name\":\"zapach Prowansji\",\"isPartOf\":{\"@id\":\"https:\\\/\\\/marzenawalczak.com\\\/#website\"},\"primaryImageOfPage\":{\"@id\":\"https:\\\/\\\/marzenawalczak.com\\\/produkt\\\/kwiaty-lawendy-fotografia-artystyczna\\\/#primaryimage\"},\"image\":{\"@id\":\"https:\\\/\\\/marzenawalczak.com\\\/produkt\\\/kwiaty-lawendy-fotografia-artystyczna\\\/#primaryimage\"},\"thumbnailUrl\":\"https:\\\/\\\/marzenawalczak.com\\\/wp-content\\\/uploads\\\/2022\\\/03\\\/kwiaty-lawendy.jpg\",\"datePublished\":\"2022-03-14T16:53:54+00:00\",\"dateModified\":\"2022-12-05T12:22:10+00:00\",\"description\":\"Kwiaty lawendy - detale przyrody w kadrach makro. Chwila zachwytu nad \u015bwiatem, kt\u00f3ry trudno dostrzec. Zdj\u0119cia do wystroju wn\u0119trz. Oryginalny prezent.\",\"breadcrumb\":{\"@id\":\"https:\\\/\\\/marzenawalczak.com\\\/produkt\\\/kwiaty-lawendy-fotografia-artystyczna\\\/#breadcrumb\"},\"inLanguage\":\"fr-FR\",\"potentialAction\":[{\"@type\":\"ReadAction\",\"target\":[\"https:\\\/\\\/marzenawalczak.com\\\/produkt\\\/kwiaty-lawendy-fotografia-artystyczna\\\/\"]}]},{\"@type\":\"ImageObject\",\"inLanguage\":\"fr-FR\",\"@id\":\"https:\\\/\\\/marzenawalczak.com\\\/produkt\\\/kwiaty-lawendy-fotografia-artystyczna\\\/#primaryimage\",\"url\":\"https:\\\/\\\/marzenawalczak.com\\\/wp-content\\\/uploads\\\/2022\\\/03\\\/kwiaty-lawendy.jpg\",\"contentUrl\":\"https:\\\/\\\/marzenawalczak.com\\\/wp-content\\\/uploads\\\/2022\\\/03\\\/kwiaty-lawendy.jpg\",\"width\":1900,\"height\":1258,\"caption\":\"Kwiaty lawendy pojedynczo s\u0105 male\u0144kie i niepozorne. Zebrane w k\u0142osy i umieszczone na d\u0142ugich i cienkich szypu\u0142kach, przyci\u0105gaj\u0105 wzrok i oczarowuj\u0105 swoj\u0105 lekko\u015bci\u0105 i delikatno\u015bci\u0105.\"},{\"@type\":\"BreadcrumbList\",\"@id\":\"https:\\\/\\\/marzenawalczak.com\\\/produkt\\\/kwiaty-lawendy-fotografia-artystyczna\\\/#breadcrumb\",\"itemListElement\":[{\"@type\":\"ListItem\",\"position\":1,\"name\":\"Strona g\u0142\u00f3wna\",\"item\":\"https:\\\/\\\/marzenawalczak.com\\\/en\\\/\"},{\"@type\":\"ListItem\",\"position\":2,\"name\":\"Portfolio\",\"item\":\"https:\\\/\\\/marzenawalczak.com\\\/portfolio-przyroda-w-skali-makro\\\/\"},{\"@type\":\"ListItem\",\"position\":3,\"name\":\"zapach Prowansji\"}]},{\"@type\":\"WebSite\",\"@id\":\"https:\\\/\\\/marzenawalczak.com\\\/#website\",\"url\":\"https:\\\/\\\/marzenawalczak.com\\\/\",\"name\":\"Marzena Walczak Photography\",\"description\":\"Galeria artystyczna\",\"publisher\":{\"@id\":\"https:\\\/\\\/marzenawalczak.com\\\/#organization\"},\"potentialAction\":[{\"@type\":\"SearchAction\",\"target\":{\"@type\":\"EntryPoint\",\"urlTemplate\":\"https:\\\/\\\/marzenawalczak.com\\\/?s={search_term_string}\"},\"query-input\":{\"@type\":\"PropertyValueSpecification\",\"valueRequired\":true,\"valueName\":\"search_term_string\"}}],\"inLanguage\":\"fr-FR\"},{\"@type\":\"Organization\",\"@id\":\"https:\\\/\\\/marzenawalczak.com\\\/#organization\",\"name\":\"Marzena Walczak photography\",\"url\":\"https:\\\/\\\/marzenawalczak.com\\\/\",\"logo\":{\"@type\":\"ImageObject\",\"inLanguage\":\"fr-FR\",\"@id\":\"https:\\\/\\\/marzenawalczak.com\\\/#\\\/schema\\\/logo\\\/image\\\/\",\"url\":\"https:\\\/\\\/marzenawalczak.com\\\/wp-content\\\/uploads\\\/2022\\\/07\\\/DSC_0210.jpg\",\"contentUrl\":\"https:\\\/\\\/marzenawalczak.com\\\/wp-content\\\/uploads\\\/2022\\\/07\\\/DSC_0210.jpg\",\"width\":1800,\"height\":1207,\"caption\":\"Marzena Walczak photography\"},\"image\":{\"@id\":\"https:\\\/\\\/marzenawalczak.com\\\/#\\\/schema\\\/logo\\\/image\\\/\"},\"sameAs\":[\"https:\\\/\\\/www.instagram.com\\\/marzenawalczak_com\\\/\"]}]}<\/script>\n<!-- \/ Yoast SEO plugin. -->","yoast_head_json":{"title":"zapach Prowansji","description":"Kwiaty lawendy - detale przyrody w kadrach makro. Chwila zachwytu nad \u015bwiatem, kt\u00f3ry trudno dostrzec. Zdj\u0119cia do wystroju wn\u0119trz. Oryginalny prezent.","robots":{"index":"index","follow":"follow","max-snippet":"max-snippet:-1","max-image-preview":"max-image-preview:large","max-video-preview":"max-video-preview:-1"},"canonical":"https:\/\/marzenawalczak.com\/fr\/produkt\/kwiaty-lawendy-fotografia-artystyczna\/","og_locale":"fr_FR","og_type":"article","og_title":"[:pl]zapach Prowansji[:en]letnia czerwie\u0144 3[:] &#8211; Marzena Walczak Photography","og_description":"Kwiaty lawendy - detale przyrody w kadrach makro. Chwila zachwytu nad \u015bwiatem, kt\u00f3ry trudno dostrzec. Zdj\u0119cia do wystroju wn\u0119trz. Oryginalny prezent.","og_url":"https:\/\/marzenawalczak.com\/fr\/produkt\/kwiaty-lawendy-fotografia-artystyczna\/","og_site_name":"Marzena Walczak Photography","article_modified_time":"2022-12-05T12:22:10+00:00","og_image":[{"width":1900,"height":1258,"url":"https:\/\/marzenawalczak.com\/wp-content\/uploads\/2022\/03\/kwiaty-lawendy.jpg","type":"image\/jpeg"}],"twitter_card":"summary_large_image","twitter_misc":{"Dur\u00e9e de lecture estim\u00e9e":"1 minute"},"schema":{"@context":"https:\/\/schema.org","@graph":[{"@type":"WebPage","@id":"https:\/\/marzenawalczak.com\/produkt\/kwiaty-lawendy-fotografia-artystyczna\/","url":"https:\/\/marzenawalczak.com\/produkt\/kwiaty-lawendy-fotografia-artystyczna\/","name":"zapach Prowansji","isPartOf":{"@id":"https:\/\/marzenawalczak.com\/#website"},"primaryImageOfPage":{"@id":"https:\/\/marzenawalczak.com\/produkt\/kwiaty-lawendy-fotografia-artystyczna\/#primaryimage"},"image":{"@id":"https:\/\/marzenawalczak.com\/produkt\/kwiaty-lawendy-fotografia-artystyczna\/#primaryimage"},"thumbnailUrl":"https:\/\/marzenawalczak.com\/wp-content\/uploads\/2022\/03\/kwiaty-lawendy.jpg","datePublished":"2022-03-14T16:53:54+00:00","dateModified":"2022-12-05T12:22:10+00:00","description":"Kwiaty lawendy - detale przyrody w kadrach makro. Chwila zachwytu nad \u015bwiatem, kt\u00f3ry trudno dostrzec. Zdj\u0119cia do wystroju wn\u0119trz. Oryginalny prezent.","breadcrumb":{"@id":"https:\/\/marzenawalczak.com\/produkt\/kwiaty-lawendy-fotografia-artystyczna\/#breadcrumb"},"inLanguage":"fr-FR","potentialAction":[{"@type":"ReadAction","target":["https:\/\/marzenawalczak.com\/produkt\/kwiaty-lawendy-fotografia-artystyczna\/"]}]},{"@type":"ImageObject","inLanguage":"fr-FR","@id":"https:\/\/marzenawalczak.com\/produkt\/kwiaty-lawendy-fotografia-artystyczna\/#primaryimage","url":"https:\/\/marzenawalczak.com\/wp-content\/uploads\/2022\/03\/kwiaty-lawendy.jpg","contentUrl":"https:\/\/marzenawalczak.com\/wp-content\/uploads\/2022\/03\/kwiaty-lawendy.jpg","width":1900,"height":1258,"caption":"Kwiaty lawendy pojedynczo s\u0105 male\u0144kie i niepozorne. Zebrane w k\u0142osy i umieszczone na d\u0142ugich i cienkich szypu\u0142kach, przyci\u0105gaj\u0105 wzrok i oczarowuj\u0105 swoj\u0105 lekko\u015bci\u0105 i delikatno\u015bci\u0105."},{"@type":"BreadcrumbList","@id":"https:\/\/marzenawalczak.com\/produkt\/kwiaty-lawendy-fotografia-artystyczna\/#breadcrumb","itemListElement":[{"@type":"ListItem","position":1,"name":"Strona g\u0142\u00f3wna","item":"https:\/\/marzenawalczak.com\/en\/"},{"@type":"ListItem","position":2,"name":"Portfolio","item":"https:\/\/marzenawalczak.com\/portfolio-przyroda-w-skali-makro\/"},{"@type":"ListItem","position":3,"name":"zapach Prowansji"}]},{"@type":"WebSite","@id":"https:\/\/marzenawalczak.com\/#website","url":"https:\/\/marzenawalczak.com\/","name":"Marzena Walczak Photography","description":"Galeria artystyczna","publisher":{"@id":"https:\/\/marzenawalczak.com\/#organization"},"potentialAction":[{"@type":"SearchAction","target":{"@type":"EntryPoint","urlTemplate":"https:\/\/marzenawalczak.com\/?s={search_term_string}"},"query-input":{"@type":"PropertyValueSpecification","valueRequired":true,"valueName":"search_term_string"}}],"inLanguage":"fr-FR"},{"@type":"Organization","@id":"https:\/\/marzenawalczak.com\/#organization","name":"Marzena Walczak photography","url":"https:\/\/marzenawalczak.com\/","logo":{"@type":"ImageObject","inLanguage":"fr-FR","@id":"https:\/\/marzenawalczak.com\/#\/schema\/logo\/image\/","url":"https:\/\/marzenawalczak.com\/wp-content\/uploads\/2022\/07\/DSC_0210.jpg","contentUrl":"https:\/\/marzenawalczak.com\/wp-content\/uploads\/2022\/07\/DSC_0210.jpg","width":1800,"height":1207,"caption":"Marzena Walczak photography"},"image":{"@id":"https:\/\/marzenawalczak.com\/#\/schema\/logo\/image\/"},"sameAs":["https:\/\/www.instagram.com\/marzenawalczak_com\/"]}]}},"_links":{"self":[{"href":"https:\/\/marzenawalczak.com\/fr\/wp-json\/wp\/v2\/product\/553","targetHints":{"allow":["GET"]}}],"collection":[{"href":"https:\/\/marzenawalczak.com\/fr\/wp-json\/wp\/v2\/product"}],"about":[{"href":"https:\/\/marzenawalczak.com\/fr\/wp-json\/wp\/v2\/types\/product"}],"wp:featuredmedia":[{"embeddable":true,"href":"https:\/\/marzenawalczak.com\/fr\/wp-json\/wp\/v2\/media\/821"}],"wp:attachment":[{"href":"https:\/\/marzenawalczak.com\/fr\/wp-json\/wp\/v2\/media?parent=553"}],"wp:term":[{"taxonomy":"product_brand","embeddable":true,"href":"https:\/\/marzenawalczak.com\/fr\/wp-json\/wp\/v2\/product_brand?post=553"},{"taxonomy":"product_cat","embeddable":true,"href":"https:\/\/marzenawalczak.com\/fr\/wp-json\/wp\/v2\/product_cat?post=553"},{"taxonomy":"product_tag","embeddable":true,"href":"https:\/\/marzenawalczak.com\/fr\/wp-json\/wp\/v2\/product_tag?post=553"}],"curies":[{"name":"wp","href":"https:\/\/api.w.org\/{rel}","templated":true}]}}