{"id":649,"date":"2022-05-17T11:49:29","date_gmt":"2022-05-17T10:49:29","guid":{"rendered":"https:\/\/marzenawalczak.com\/?post_type=product&#038;p=649"},"modified":"2023-09-26T15:12:55","modified_gmt":"2023-09-26T14:12:55","slug":"sasanki-w-blasku-porannego-slonca","status":"publish","type":"product","link":"https:\/\/marzenawalczak.com\/fr\/produkt\/sasanki-w-blasku-porannego-slonca\/","title":{"rendered":"sasanki w blasku porannego s\u0142o\u0144ca"},"content":{"rendered":"<div>\n<p><a href=\"https:\/\/marzenawalczak.com\/produkt\/kwiat-fioletowej-sasanki\/\"><em><strong>Sasanki<\/strong><\/em><\/a> w blasku porannego s\u0142o\u0144ca s\u0105 pi\u0119kne kiedy kwitn\u0105.<\/p>\n<p><span style=\"color: #000000;\"><span style=\"font-size: medium;\">Jako jedne z pierwszych, w swych puszystych ubrankach, witaj\u0105 wiosn\u0119,.<\/span><\/span><\/p>\n<p>Aby nacieszy\u0107 nimi oczy, mo\u017cna zrobi\u0107 sobie wiosn\u0105 wycieczk\u0119 do <a href=\"https:\/\/myszyniec.olsztyn.lasy.gov.pl\/aktualnosci\/-\/asset_publisher\/1M8a\/content\/myszynieckie-bory-sasankowe-plh140049\"><em><strong>Myszynieckich Bor\u00f3w Sasankowych<\/strong><\/em><\/a>.<\/p>\n<div>Tak, tak. Jest takie miejsce. Polecam.<\/div>\n<div><\/div>\n<p>&nbsp;<\/p>\n<\/div>\n<div><\/div>\n<p>&nbsp;<\/p>\n","protected":false},"excerpt":{"rendered":"<p>puszysta uroda<\/p>\n","protected":false},"featured_media":687,"template":"","meta":{"_acf_changed":false},"product_brand":[],"product_cat":[16],"product_tag":[150,92,93,163,83,161,116,162,121,81,159,88,78,57,160],"class_list":{"0":"post-649","1":"product","2":"type-product","3":"status-publish","4":"has-post-thumbnail","6":"product_cat-bez-kategorii","7":"product_tag-delikatnosc","8":"product_tag-fiolet","9":"product_tag-fioletowy","10":"product_tag-kwiaty-wiosny","11":"product_tag-makro","12":"product_tag-na-sciane","13":"product_tag-natura","14":"product_tag-obraz","15":"product_tag-prezent","16":"product_tag-przyroda","17":"product_tag-sasank","18":"product_tag-swiatlo-i-cien","19":"product_tag-wiosenne-kwiaty","20":"product_tag-wiosna","21":"product_tag-wydruk-art","22":"product_shipping_class-polska","24":"first","25":"onbackorder","26":"shipping-taxable","27":"purchasable","28":"product-type-variable"},"acf":[],"yoast_head":"<!-- This site is optimized with the Yoast SEO plugin v27.5 - https:\/\/yoast.com\/product\/yoast-seo-wordpress\/ -->\n<title>sasanki w blasku porannego s\u0142o\u0144ca<\/title>\n<meta name=\"description\" content=\"Sasanki w blasku porannego s\u0142o\u0144ca. Urocze w\u0142ochate kwiatki, witaj\u0105 wiosn\u0119 jako jedne z pierwszych. Sasanka o\u017cywi ogr\u00f3d po zimie, a jej fotografia wn\u0119trze.\" \/>\n<meta name=\"robots\" content=\"index, follow, max-snippet:-1, max-image-preview:large, max-video-preview:-1\" \/>\n<link rel=\"canonical\" href=\"https:\/\/marzenawalczak.com\/fr\/produkt\/sasanki-w-blasku-porannego-slonca\/\" \/>\n<meta property=\"og:locale\" content=\"fr_FR\" \/>\n<meta property=\"og:locale:alternate\" content=\"pl_PL\" \/>\n<meta property=\"og:locale:alternate\" content=\"en_US\" \/>\n<meta property=\"og:type\" content=\"article\" \/>\n<meta property=\"og:title\" content=\"sasanki w blasku porannego s\u0142o\u0144ca\" \/>\n<meta property=\"og:description\" content=\"Sasanki w blasku porannego s\u0142o\u0144ca. Urocze w\u0142ochate kwiatki, witaj\u0105 wiosn\u0119 jako jedne z pierwszych. Sasanka rozweseli ogr\u00f3d po zimie, a jej obraz wn\u0119trze.\" \/>\n<meta property=\"og:url\" content=\"https:\/\/marzenawalczak.com\/fr\/produkt\/sasanki-w-blasku-porannego-slonca\/\" \/>\n<meta property=\"og:site_name\" content=\"Marzena Walczak Photography\" \/>\n<meta property=\"article:modified_time\" content=\"2023-09-26T14:12:55+00:00\" \/>\n<meta property=\"og:image\" content=\"https:\/\/marzenawalczak.com\/wp-content\/uploads\/2022\/04\/kwiaty-sasanki-otwartej.jpg\" \/>\n\t<meta property=\"og:image:width\" content=\"1900\" \/>\n\t<meta property=\"og:image:height\" content=\"1259\" \/>\n\t<meta property=\"og:image:type\" content=\"image\/jpeg\" \/>\n<meta name=\"twitter:card\" content=\"summary_large_image\" \/>\n<meta name=\"twitter:label1\" content=\"Dur\u00e9e de lecture estim\u00e9e\" \/>\n\t<meta name=\"twitter:data1\" content=\"1 minute\" \/>\n<script type=\"application\/ld+json\" class=\"yoast-schema-graph\">{\"@context\":\"https:\\\/\\\/schema.org\",\"@graph\":[{\"@type\":\"WebPage\",\"@id\":\"https:\\\/\\\/marzenawalczak.com\\\/produkt\\\/sasanki-w-blasku-porannego-slonca\\\/\",\"url\":\"https:\\\/\\\/marzenawalczak.com\\\/produkt\\\/sasanki-w-blasku-porannego-slonca\\\/\",\"name\":\"sasanki w blasku porannego s\u0142o\u0144ca\",\"isPartOf\":{\"@id\":\"https:\\\/\\\/marzenawalczak.com\\\/#website\"},\"primaryImageOfPage\":{\"@id\":\"https:\\\/\\\/marzenawalczak.com\\\/produkt\\\/sasanki-w-blasku-porannego-slonca\\\/#primaryimage\"},\"image\":{\"@id\":\"https:\\\/\\\/marzenawalczak.com\\\/produkt\\\/sasanki-w-blasku-porannego-slonca\\\/#primaryimage\"},\"thumbnailUrl\":\"https:\\\/\\\/marzenawalczak.com\\\/wp-content\\\/uploads\\\/2022\\\/04\\\/kwiaty-sasanki-otwartej.jpg\",\"datePublished\":\"2022-05-17T10:49:29+00:00\",\"dateModified\":\"2023-09-26T14:12:55+00:00\",\"description\":\"Sasanki w blasku porannego s\u0142o\u0144ca. Urocze w\u0142ochate kwiatki, witaj\u0105 wiosn\u0119 jako jedne z pierwszych. Sasanka rozweseli ogr\u00f3d po zimie, a jej obraz wn\u0119trze.\",\"breadcrumb\":{\"@id\":\"https:\\\/\\\/marzenawalczak.com\\\/produkt\\\/sasanki-w-blasku-porannego-slonca\\\/#breadcrumb\"},\"inLanguage\":\"fr-FR\",\"potentialAction\":[{\"@type\":\"ReadAction\",\"target\":[\"https:\\\/\\\/marzenawalczak.com\\\/produkt\\\/sasanki-w-blasku-porannego-slonca\\\/\"]}]},{\"@type\":\"ImageObject\",\"inLanguage\":\"fr-FR\",\"@id\":\"https:\\\/\\\/marzenawalczak.com\\\/produkt\\\/sasanki-w-blasku-porannego-slonca\\\/#primaryimage\",\"url\":\"https:\\\/\\\/marzenawalczak.com\\\/wp-content\\\/uploads\\\/2022\\\/04\\\/kwiaty-sasanki-otwartej.jpg\",\"contentUrl\":\"https:\\\/\\\/marzenawalczak.com\\\/wp-content\\\/uploads\\\/2022\\\/04\\\/kwiaty-sasanki-otwartej.jpg\",\"width\":1900,\"height\":1259,\"caption\":\"Kwiaty sasanki otwartej z Myszynieckich Bor\u00f3w Sasankowych.\"},{\"@type\":\"BreadcrumbList\",\"@id\":\"https:\\\/\\\/marzenawalczak.com\\\/produkt\\\/sasanki-w-blasku-porannego-slonca\\\/#breadcrumb\",\"itemListElement\":[{\"@type\":\"ListItem\",\"position\":1,\"name\":\"Strona g\u0142\u00f3wna\",\"item\":\"https:\\\/\\\/marzenawalczak.com\\\/en\\\/\"},{\"@type\":\"ListItem\",\"position\":2,\"name\":\"Portfolio\",\"item\":\"https:\\\/\\\/marzenawalczak.com\\\/portfolio-przyroda-w-skali-makro\\\/\"},{\"@type\":\"ListItem\",\"position\":3,\"name\":\"sasanki w blasku porannego s\u0142o\u0144ca\"}]},{\"@type\":\"WebSite\",\"@id\":\"https:\\\/\\\/marzenawalczak.com\\\/#website\",\"url\":\"https:\\\/\\\/marzenawalczak.com\\\/\",\"name\":\"Marzena Walczak Photography\",\"description\":\"Galeria artystyczna\",\"publisher\":{\"@id\":\"https:\\\/\\\/marzenawalczak.com\\\/#organization\"},\"potentialAction\":[{\"@type\":\"SearchAction\",\"target\":{\"@type\":\"EntryPoint\",\"urlTemplate\":\"https:\\\/\\\/marzenawalczak.com\\\/?s={search_term_string}\"},\"query-input\":{\"@type\":\"PropertyValueSpecification\",\"valueRequired\":true,\"valueName\":\"search_term_string\"}}],\"inLanguage\":\"fr-FR\"},{\"@type\":\"Organization\",\"@id\":\"https:\\\/\\\/marzenawalczak.com\\\/#organization\",\"name\":\"Marzena Walczak photography\",\"url\":\"https:\\\/\\\/marzenawalczak.com\\\/\",\"logo\":{\"@type\":\"ImageObject\",\"inLanguage\":\"fr-FR\",\"@id\":\"https:\\\/\\\/marzenawalczak.com\\\/#\\\/schema\\\/logo\\\/image\\\/\",\"url\":\"https:\\\/\\\/marzenawalczak.com\\\/wp-content\\\/uploads\\\/2022\\\/07\\\/DSC_0210.jpg\",\"contentUrl\":\"https:\\\/\\\/marzenawalczak.com\\\/wp-content\\\/uploads\\\/2022\\\/07\\\/DSC_0210.jpg\",\"width\":1800,\"height\":1207,\"caption\":\"Marzena Walczak photography\"},\"image\":{\"@id\":\"https:\\\/\\\/marzenawalczak.com\\\/#\\\/schema\\\/logo\\\/image\\\/\"},\"sameAs\":[\"https:\\\/\\\/www.instagram.com\\\/marzenawalczak_com\\\/\"]}]}<\/script>\n<!-- \/ Yoast SEO plugin. -->","yoast_head_json":{"title":"sasanki w blasku porannego s\u0142o\u0144ca","description":"Sasanki w blasku porannego s\u0142o\u0144ca. Urocze w\u0142ochate kwiatki, witaj\u0105 wiosn\u0119 jako jedne z pierwszych. Sasanka o\u017cywi ogr\u00f3d po zimie, a jej fotografia wn\u0119trze.","robots":{"index":"index","follow":"follow","max-snippet":"max-snippet:-1","max-image-preview":"max-image-preview:large","max-video-preview":"max-video-preview:-1"},"canonical":"https:\/\/marzenawalczak.com\/fr\/produkt\/sasanki-w-blasku-porannego-slonca\/","og_locale":"fr_FR","og_type":"article","og_title":"sasanki w blasku porannego s\u0142o\u0144ca","og_description":"Sasanki w blasku porannego s\u0142o\u0144ca. Urocze w\u0142ochate kwiatki, witaj\u0105 wiosn\u0119 jako jedne z pierwszych. Sasanka rozweseli ogr\u00f3d po zimie, a jej obraz wn\u0119trze.","og_url":"https:\/\/marzenawalczak.com\/fr\/produkt\/sasanki-w-blasku-porannego-slonca\/","og_site_name":"Marzena Walczak Photography","article_modified_time":"2023-09-26T14:12:55+00:00","og_image":[{"width":1900,"height":1259,"url":"https:\/\/marzenawalczak.com\/wp-content\/uploads\/2022\/04\/kwiaty-sasanki-otwartej.jpg","type":"image\/jpeg"}],"twitter_card":"summary_large_image","twitter_misc":{"Dur\u00e9e de lecture estim\u00e9e":"1 minute"},"schema":{"@context":"https:\/\/schema.org","@graph":[{"@type":"WebPage","@id":"https:\/\/marzenawalczak.com\/produkt\/sasanki-w-blasku-porannego-slonca\/","url":"https:\/\/marzenawalczak.com\/produkt\/sasanki-w-blasku-porannego-slonca\/","name":"sasanki w blasku porannego s\u0142o\u0144ca","isPartOf":{"@id":"https:\/\/marzenawalczak.com\/#website"},"primaryImageOfPage":{"@id":"https:\/\/marzenawalczak.com\/produkt\/sasanki-w-blasku-porannego-slonca\/#primaryimage"},"image":{"@id":"https:\/\/marzenawalczak.com\/produkt\/sasanki-w-blasku-porannego-slonca\/#primaryimage"},"thumbnailUrl":"https:\/\/marzenawalczak.com\/wp-content\/uploads\/2022\/04\/kwiaty-sasanki-otwartej.jpg","datePublished":"2022-05-17T10:49:29+00:00","dateModified":"2023-09-26T14:12:55+00:00","description":"Sasanki w blasku porannego s\u0142o\u0144ca. Urocze w\u0142ochate kwiatki, witaj\u0105 wiosn\u0119 jako jedne z pierwszych. Sasanka rozweseli ogr\u00f3d po zimie, a jej obraz wn\u0119trze.","breadcrumb":{"@id":"https:\/\/marzenawalczak.com\/produkt\/sasanki-w-blasku-porannego-slonca\/#breadcrumb"},"inLanguage":"fr-FR","potentialAction":[{"@type":"ReadAction","target":["https:\/\/marzenawalczak.com\/produkt\/sasanki-w-blasku-porannego-slonca\/"]}]},{"@type":"ImageObject","inLanguage":"fr-FR","@id":"https:\/\/marzenawalczak.com\/produkt\/sasanki-w-blasku-porannego-slonca\/#primaryimage","url":"https:\/\/marzenawalczak.com\/wp-content\/uploads\/2022\/04\/kwiaty-sasanki-otwartej.jpg","contentUrl":"https:\/\/marzenawalczak.com\/wp-content\/uploads\/2022\/04\/kwiaty-sasanki-otwartej.jpg","width":1900,"height":1259,"caption":"Kwiaty sasanki otwartej z Myszynieckich Bor\u00f3w Sasankowych."},{"@type":"BreadcrumbList","@id":"https:\/\/marzenawalczak.com\/produkt\/sasanki-w-blasku-porannego-slonca\/#breadcrumb","itemListElement":[{"@type":"ListItem","position":1,"name":"Strona g\u0142\u00f3wna","item":"https:\/\/marzenawalczak.com\/en\/"},{"@type":"ListItem","position":2,"name":"Portfolio","item":"https:\/\/marzenawalczak.com\/portfolio-przyroda-w-skali-makro\/"},{"@type":"ListItem","position":3,"name":"sasanki w blasku porannego s\u0142o\u0144ca"}]},{"@type":"WebSite","@id":"https:\/\/marzenawalczak.com\/#website","url":"https:\/\/marzenawalczak.com\/","name":"Marzena Walczak Photography","description":"Galeria artystyczna","publisher":{"@id":"https:\/\/marzenawalczak.com\/#organization"},"potentialAction":[{"@type":"SearchAction","target":{"@type":"EntryPoint","urlTemplate":"https:\/\/marzenawalczak.com\/?s={search_term_string}"},"query-input":{"@type":"PropertyValueSpecification","valueRequired":true,"valueName":"search_term_string"}}],"inLanguage":"fr-FR"},{"@type":"Organization","@id":"https:\/\/marzenawalczak.com\/#organization","name":"Marzena Walczak photography","url":"https:\/\/marzenawalczak.com\/","logo":{"@type":"ImageObject","inLanguage":"fr-FR","@id":"https:\/\/marzenawalczak.com\/#\/schema\/logo\/image\/","url":"https:\/\/marzenawalczak.com\/wp-content\/uploads\/2022\/07\/DSC_0210.jpg","contentUrl":"https:\/\/marzenawalczak.com\/wp-content\/uploads\/2022\/07\/DSC_0210.jpg","width":1800,"height":1207,"caption":"Marzena Walczak photography"},"image":{"@id":"https:\/\/marzenawalczak.com\/#\/schema\/logo\/image\/"},"sameAs":["https:\/\/www.instagram.com\/marzenawalczak_com\/"]}]}},"_links":{"self":[{"href":"https:\/\/marzenawalczak.com\/fr\/wp-json\/wp\/v2\/product\/649","targetHints":{"allow":["GET"]}}],"collection":[{"href":"https:\/\/marzenawalczak.com\/fr\/wp-json\/wp\/v2\/product"}],"about":[{"href":"https:\/\/marzenawalczak.com\/fr\/wp-json\/wp\/v2\/types\/product"}],"wp:featuredmedia":[{"embeddable":true,"href":"https:\/\/marzenawalczak.com\/fr\/wp-json\/wp\/v2\/media\/687"}],"wp:attachment":[{"href":"https:\/\/marzenawalczak.com\/fr\/wp-json\/wp\/v2\/media?parent=649"}],"wp:term":[{"taxonomy":"product_brand","embeddable":true,"href":"https:\/\/marzenawalczak.com\/fr\/wp-json\/wp\/v2\/product_brand?post=649"},{"taxonomy":"product_cat","embeddable":true,"href":"https:\/\/marzenawalczak.com\/fr\/wp-json\/wp\/v2\/product_cat?post=649"},{"taxonomy":"product_tag","embeddable":true,"href":"https:\/\/marzenawalczak.com\/fr\/wp-json\/wp\/v2\/product_tag?post=649"}],"curies":[{"name":"wp","href":"https:\/\/api.w.org\/{rel}","templated":true}]}}