{"id":717,"date":"2022-09-27T16:54:41","date_gmt":"2022-09-27T15:54:41","guid":{"rendered":"https:\/\/marzenawalczak.com\/?post_type=product&#038;p=717"},"modified":"2023-07-04T11:03:36","modified_gmt":"2023-07-04T10:03:36","slug":"cytrynek-zwiastun-wiosny","status":"publish","type":"product","link":"https:\/\/marzenawalczak.com\/fr\/produkt\/cytrynek-zwiastun-wiosny\/","title":{"rendered":"cytrynek w letniej porze"},"content":{"rendered":"<p>Cytrynek \u2013 zwiastun wiosny. A tu znowu lato i kwitnie lawenda.<br \/>\nM\u0142ode pokolenie tych <a href=\"https:\/\/marzenawalczak.com\/portfolio-przyroda-w-skali-makro\/\"><em><strong>motyli<\/strong><\/em><\/a> pojawia si\u0119 na \u015bwiecie w lipcu. Zbiega si\u0119 to w czasie z kwitnieniem lawendy.<br \/>\nPi\u0119knie wygl\u0105da \u0142an lawendy w pe\u0142ni rozkwitu, w \u015bwietle popo\u0142udniowego s\u0142o\u0144ca, nad kt\u00f3rym uwija si\u0119 cytrynowa motyla m\u0142odzie\u017c.<br \/>\nLawenda kojarzy si\u0119 g\u0142\u00f3wnie z po\u0142udniem Europy, jest jednak coraz bardziej popularna r\u00f3wnie\u017c w Polsce. Jest u nas kilka miejsc, kt\u00f3re mo\u017cna nazwa\u0107 ma\u0142\u0105 Prowansj\u0105.Warto w ten letni czas zrobi\u0107 sobie troch\u0119 wolnego i wybra\u0107 si\u0119 na \u0142ono natury.<\/p>\n<p>Polecam stron\u0119 <a href=\"https:\/\/podrozowisko.pl\/europa\/polska\/gdzie-rosnie-lawenda-w-polsce\/\"><em><strong>Podrozowisko.pl<\/strong><\/em><\/a>. Pani Monika z pasj\u0105 opisuje swoje podr\u00f3\u017ce, r\u00f3wnie\u017c po naszych rodzimych plantacjach lawendy. Znajdziesz tam gotow\u0105 list\u0119 miejsc, gdzie mo\u017cna podziwia\u0107 kolorowe pi\u0119kno natury pod postaci\u0105 tych subtelnych kwiatk\u00f3w.<\/p>\n<p>Moja fotografia powsta\u0142a na plantacji <a href=\"http:\/\/lawendabiadacz.pl\/\"><em><strong>Lawendowe Zacisze<\/strong><\/em><\/a> na Nizinie \u015al\u0105skiej. Polecam to pi\u0119kne miejsce.<\/p>\n<p>&nbsp;<\/p>\n","protected":false},"excerpt":{"rendered":"<p>\u015awiat jest pi\u0119kny, znacznie pi\u0119kniejszy ni\u017c wydaje si\u0119 na pierwszy rzut oka.<\/p>\n","protected":false},"featured_media":706,"template":"","meta":{"_acf_changed":false},"product_brand":[],"product_cat":[16],"product_tag":[97,92,93,96,95,99,91,90,89,94,98,67,68],"class_list":{"0":"post-717","1":"product","2":"type-product","3":"status-publish","4":"has-post-thumbnail","6":"product_cat-bez-kategorii","7":"product_tag-cytrynek","8":"product_tag-fiolet","9":"product_tag-fioletowy","10":"product_tag-kwiaty-lata","11":"product_tag-lato","12":"product_tag-latolistek","13":"product_tag-lavande","14":"product_tag-lavander","15":"product_tag-lawenda","16":"product_tag-lawendowy","17":"product_tag-liskowiec","18":"product_tag-sloneczny","19":"product_tag-swietllisty","20":"product_shipping_class-polska","22":"first","23":"onbackorder","24":"shipping-taxable","25":"purchasable","26":"product-type-variable"},"acf":[],"yoast_head":"<!-- This site is optimized with the Yoast SEO plugin v27.5 - https:\/\/yoast.com\/product\/yoast-seo-wordpress\/ -->\n<title>cytrynek-zwiastun-wiosny &#8211; Marzena Walczak Photography<\/title>\n<meta name=\"description\" content=\"Cytrynek - zwiastun wiosny - detale przyrody w kadrach makro. Chwila zachwytu nad \u015bwiatem kt\u00f3ry trudno dostrzec. Zdj\u0119cia do wystroju wn\u0119trz.\" \/>\n<meta name=\"robots\" content=\"index, follow, max-snippet:-1, max-image-preview:large, max-video-preview:-1\" \/>\n<link rel=\"canonical\" href=\"https:\/\/marzenawalczak.com\/fr\/produkt\/cytrynek-zwiastun-wiosny\/\" \/>\n<meta property=\"og:locale\" content=\"fr_FR\" \/>\n<meta property=\"og:locale:alternate\" content=\"pl_PL\" \/>\n<meta property=\"og:locale:alternate\" content=\"en_US\" \/>\n<meta property=\"og:type\" content=\"article\" \/>\n<meta property=\"og:title\" content=\"cytrynek-zwiastun-wiosny &#8211; Marzena Walczak Photography\" \/>\n<meta property=\"og:description\" content=\"Cytrynek - zwiastun wiosny - detale przyrody w kadrach makro. Chwila zachwytu nad \u015bwiatem kt\u00f3ry trudno dostrzec. Zdj\u0119cia do wystroju wn\u0119trz.\" \/>\n<meta property=\"og:url\" content=\"https:\/\/marzenawalczak.com\/fr\/produkt\/cytrynek-zwiastun-wiosny\/\" \/>\n<meta property=\"og:site_name\" content=\"Marzena Walczak Photography\" \/>\n<meta property=\"article:modified_time\" content=\"2023-07-04T10:03:36+00:00\" \/>\n<meta property=\"og:image\" content=\"https:\/\/marzenawalczak.com\/wp-content\/uploads\/2022\/07\/listkowiec-cytrynek.jpg\" \/>\n\t<meta property=\"og:image:width\" content=\"1900\" \/>\n\t<meta property=\"og:image:height\" content=\"1258\" \/>\n\t<meta property=\"og:image:type\" content=\"image\/jpeg\" \/>\n<meta name=\"twitter:card\" content=\"summary_large_image\" \/>\n<meta name=\"twitter:label1\" content=\"Dur\u00e9e de lecture estim\u00e9e\" \/>\n\t<meta name=\"twitter:data1\" content=\"1 minute\" \/>\n<script type=\"application\/ld+json\" class=\"yoast-schema-graph\">{\"@context\":\"https:\\\/\\\/schema.org\",\"@graph\":[{\"@type\":\"WebPage\",\"@id\":\"https:\\\/\\\/marzenawalczak.com\\\/produkt\\\/cytrynek-zwiastun-wiosny\\\/\",\"url\":\"https:\\\/\\\/marzenawalczak.com\\\/produkt\\\/cytrynek-zwiastun-wiosny\\\/\",\"name\":\"cytrynek-zwiastun-wiosny &#8211; Marzena Walczak Photography\",\"isPartOf\":{\"@id\":\"https:\\\/\\\/marzenawalczak.com\\\/#website\"},\"primaryImageOfPage\":{\"@id\":\"https:\\\/\\\/marzenawalczak.com\\\/produkt\\\/cytrynek-zwiastun-wiosny\\\/#primaryimage\"},\"image\":{\"@id\":\"https:\\\/\\\/marzenawalczak.com\\\/produkt\\\/cytrynek-zwiastun-wiosny\\\/#primaryimage\"},\"thumbnailUrl\":\"https:\\\/\\\/marzenawalczak.com\\\/wp-content\\\/uploads\\\/2022\\\/07\\\/listkowiec-cytrynek.jpg\",\"datePublished\":\"2022-09-27T15:54:41+00:00\",\"dateModified\":\"2023-07-04T10:03:36+00:00\",\"description\":\"Cytrynek - zwiastun wiosny - detale przyrody w kadrach makro. Chwila zachwytu nad \u015bwiatem kt\u00f3ry trudno dostrzec. Zdj\u0119cia do wystroju wn\u0119trz.\",\"breadcrumb\":{\"@id\":\"https:\\\/\\\/marzenawalczak.com\\\/produkt\\\/cytrynek-zwiastun-wiosny\\\/#breadcrumb\"},\"inLanguage\":\"fr-FR\",\"potentialAction\":[{\"@type\":\"ReadAction\",\"target\":[\"https:\\\/\\\/marzenawalczak.com\\\/produkt\\\/cytrynek-zwiastun-wiosny\\\/\"]}]},{\"@type\":\"ImageObject\",\"inLanguage\":\"fr-FR\",\"@id\":\"https:\\\/\\\/marzenawalczak.com\\\/produkt\\\/cytrynek-zwiastun-wiosny\\\/#primaryimage\",\"url\":\"https:\\\/\\\/marzenawalczak.com\\\/wp-content\\\/uploads\\\/2022\\\/07\\\/listkowiec-cytrynek.jpg\",\"contentUrl\":\"https:\\\/\\\/marzenawalczak.com\\\/wp-content\\\/uploads\\\/2022\\\/07\\\/listkowiec-cytrynek.jpg\",\"width\":1900,\"height\":1258,\"caption\":\"Cytrynek jest zwiastunem wiosny. Tym razem na lawendzie w pe\u0142ni rozkwitu, o\u015bwietlony promieniami popo\u0142udniowego s\u0142o\u0144ca.\"},{\"@type\":\"BreadcrumbList\",\"@id\":\"https:\\\/\\\/marzenawalczak.com\\\/produkt\\\/cytrynek-zwiastun-wiosny\\\/#breadcrumb\",\"itemListElement\":[{\"@type\":\"ListItem\",\"position\":1,\"name\":\"Strona g\u0142\u00f3wna\",\"item\":\"https:\\\/\\\/marzenawalczak.com\\\/en\\\/\"},{\"@type\":\"ListItem\",\"position\":2,\"name\":\"Portfolio\",\"item\":\"https:\\\/\\\/marzenawalczak.com\\\/portfolio-przyroda-w-skali-makro\\\/\"},{\"@type\":\"ListItem\",\"position\":3,\"name\":\"cytrynek w letniej porze\"}]},{\"@type\":\"WebSite\",\"@id\":\"https:\\\/\\\/marzenawalczak.com\\\/#website\",\"url\":\"https:\\\/\\\/marzenawalczak.com\\\/\",\"name\":\"Marzena Walczak Photography\",\"description\":\"Galeria artystyczna\",\"publisher\":{\"@id\":\"https:\\\/\\\/marzenawalczak.com\\\/#organization\"},\"potentialAction\":[{\"@type\":\"SearchAction\",\"target\":{\"@type\":\"EntryPoint\",\"urlTemplate\":\"https:\\\/\\\/marzenawalczak.com\\\/?s={search_term_string}\"},\"query-input\":{\"@type\":\"PropertyValueSpecification\",\"valueRequired\":true,\"valueName\":\"search_term_string\"}}],\"inLanguage\":\"fr-FR\"},{\"@type\":\"Organization\",\"@id\":\"https:\\\/\\\/marzenawalczak.com\\\/#organization\",\"name\":\"Marzena Walczak photography\",\"url\":\"https:\\\/\\\/marzenawalczak.com\\\/\",\"logo\":{\"@type\":\"ImageObject\",\"inLanguage\":\"fr-FR\",\"@id\":\"https:\\\/\\\/marzenawalczak.com\\\/#\\\/schema\\\/logo\\\/image\\\/\",\"url\":\"https:\\\/\\\/marzenawalczak.com\\\/wp-content\\\/uploads\\\/2022\\\/07\\\/DSC_0210.jpg\",\"contentUrl\":\"https:\\\/\\\/marzenawalczak.com\\\/wp-content\\\/uploads\\\/2022\\\/07\\\/DSC_0210.jpg\",\"width\":1800,\"height\":1207,\"caption\":\"Marzena Walczak photography\"},\"image\":{\"@id\":\"https:\\\/\\\/marzenawalczak.com\\\/#\\\/schema\\\/logo\\\/image\\\/\"},\"sameAs\":[\"https:\\\/\\\/www.instagram.com\\\/marzenawalczak_com\\\/\"]}]}<\/script>\n<!-- \/ Yoast SEO plugin. -->","yoast_head_json":{"title":"cytrynek-zwiastun-wiosny &#8211; Marzena Walczak Photography","description":"Cytrynek - zwiastun wiosny - detale przyrody w kadrach makro. Chwila zachwytu nad \u015bwiatem kt\u00f3ry trudno dostrzec. Zdj\u0119cia do wystroju wn\u0119trz.","robots":{"index":"index","follow":"follow","max-snippet":"max-snippet:-1","max-image-preview":"max-image-preview:large","max-video-preview":"max-video-preview:-1"},"canonical":"https:\/\/marzenawalczak.com\/fr\/produkt\/cytrynek-zwiastun-wiosny\/","og_locale":"fr_FR","og_type":"article","og_title":"cytrynek-zwiastun-wiosny &#8211; Marzena Walczak Photography","og_description":"Cytrynek - zwiastun wiosny - detale przyrody w kadrach makro. Chwila zachwytu nad \u015bwiatem kt\u00f3ry trudno dostrzec. Zdj\u0119cia do wystroju wn\u0119trz.","og_url":"https:\/\/marzenawalczak.com\/fr\/produkt\/cytrynek-zwiastun-wiosny\/","og_site_name":"Marzena Walczak Photography","article_modified_time":"2023-07-04T10:03:36+00:00","og_image":[{"width":1900,"height":1258,"url":"https:\/\/marzenawalczak.com\/wp-content\/uploads\/2022\/07\/listkowiec-cytrynek.jpg","type":"image\/jpeg"}],"twitter_card":"summary_large_image","twitter_misc":{"Dur\u00e9e de lecture estim\u00e9e":"1 minute"},"schema":{"@context":"https:\/\/schema.org","@graph":[{"@type":"WebPage","@id":"https:\/\/marzenawalczak.com\/produkt\/cytrynek-zwiastun-wiosny\/","url":"https:\/\/marzenawalczak.com\/produkt\/cytrynek-zwiastun-wiosny\/","name":"cytrynek-zwiastun-wiosny &#8211; Marzena Walczak Photography","isPartOf":{"@id":"https:\/\/marzenawalczak.com\/#website"},"primaryImageOfPage":{"@id":"https:\/\/marzenawalczak.com\/produkt\/cytrynek-zwiastun-wiosny\/#primaryimage"},"image":{"@id":"https:\/\/marzenawalczak.com\/produkt\/cytrynek-zwiastun-wiosny\/#primaryimage"},"thumbnailUrl":"https:\/\/marzenawalczak.com\/wp-content\/uploads\/2022\/07\/listkowiec-cytrynek.jpg","datePublished":"2022-09-27T15:54:41+00:00","dateModified":"2023-07-04T10:03:36+00:00","description":"Cytrynek - zwiastun wiosny - detale przyrody w kadrach makro. Chwila zachwytu nad \u015bwiatem kt\u00f3ry trudno dostrzec. Zdj\u0119cia do wystroju wn\u0119trz.","breadcrumb":{"@id":"https:\/\/marzenawalczak.com\/produkt\/cytrynek-zwiastun-wiosny\/#breadcrumb"},"inLanguage":"fr-FR","potentialAction":[{"@type":"ReadAction","target":["https:\/\/marzenawalczak.com\/produkt\/cytrynek-zwiastun-wiosny\/"]}]},{"@type":"ImageObject","inLanguage":"fr-FR","@id":"https:\/\/marzenawalczak.com\/produkt\/cytrynek-zwiastun-wiosny\/#primaryimage","url":"https:\/\/marzenawalczak.com\/wp-content\/uploads\/2022\/07\/listkowiec-cytrynek.jpg","contentUrl":"https:\/\/marzenawalczak.com\/wp-content\/uploads\/2022\/07\/listkowiec-cytrynek.jpg","width":1900,"height":1258,"caption":"Cytrynek jest zwiastunem wiosny. Tym razem na lawendzie w pe\u0142ni rozkwitu, o\u015bwietlony promieniami popo\u0142udniowego s\u0142o\u0144ca."},{"@type":"BreadcrumbList","@id":"https:\/\/marzenawalczak.com\/produkt\/cytrynek-zwiastun-wiosny\/#breadcrumb","itemListElement":[{"@type":"ListItem","position":1,"name":"Strona g\u0142\u00f3wna","item":"https:\/\/marzenawalczak.com\/en\/"},{"@type":"ListItem","position":2,"name":"Portfolio","item":"https:\/\/marzenawalczak.com\/portfolio-przyroda-w-skali-makro\/"},{"@type":"ListItem","position":3,"name":"cytrynek w letniej porze"}]},{"@type":"WebSite","@id":"https:\/\/marzenawalczak.com\/#website","url":"https:\/\/marzenawalczak.com\/","name":"Marzena Walczak Photography","description":"Galeria artystyczna","publisher":{"@id":"https:\/\/marzenawalczak.com\/#organization"},"potentialAction":[{"@type":"SearchAction","target":{"@type":"EntryPoint","urlTemplate":"https:\/\/marzenawalczak.com\/?s={search_term_string}"},"query-input":{"@type":"PropertyValueSpecification","valueRequired":true,"valueName":"search_term_string"}}],"inLanguage":"fr-FR"},{"@type":"Organization","@id":"https:\/\/marzenawalczak.com\/#organization","name":"Marzena Walczak photography","url":"https:\/\/marzenawalczak.com\/","logo":{"@type":"ImageObject","inLanguage":"fr-FR","@id":"https:\/\/marzenawalczak.com\/#\/schema\/logo\/image\/","url":"https:\/\/marzenawalczak.com\/wp-content\/uploads\/2022\/07\/DSC_0210.jpg","contentUrl":"https:\/\/marzenawalczak.com\/wp-content\/uploads\/2022\/07\/DSC_0210.jpg","width":1800,"height":1207,"caption":"Marzena Walczak photography"},"image":{"@id":"https:\/\/marzenawalczak.com\/#\/schema\/logo\/image\/"},"sameAs":["https:\/\/www.instagram.com\/marzenawalczak_com\/"]}]}},"_links":{"self":[{"href":"https:\/\/marzenawalczak.com\/fr\/wp-json\/wp\/v2\/product\/717","targetHints":{"allow":["GET"]}}],"collection":[{"href":"https:\/\/marzenawalczak.com\/fr\/wp-json\/wp\/v2\/product"}],"about":[{"href":"https:\/\/marzenawalczak.com\/fr\/wp-json\/wp\/v2\/types\/product"}],"wp:featuredmedia":[{"embeddable":true,"href":"https:\/\/marzenawalczak.com\/fr\/wp-json\/wp\/v2\/media\/706"}],"wp:attachment":[{"href":"https:\/\/marzenawalczak.com\/fr\/wp-json\/wp\/v2\/media?parent=717"}],"wp:term":[{"taxonomy":"product_brand","embeddable":true,"href":"https:\/\/marzenawalczak.com\/fr\/wp-json\/wp\/v2\/product_brand?post=717"},{"taxonomy":"product_cat","embeddable":true,"href":"https:\/\/marzenawalczak.com\/fr\/wp-json\/wp\/v2\/product_cat?post=717"},{"taxonomy":"product_tag","embeddable":true,"href":"https:\/\/marzenawalczak.com\/fr\/wp-json\/wp\/v2\/product_tag?post=717"}],"curies":[{"name":"wp","href":"https:\/\/api.w.org\/{rel}","templated":true}]}}